{"id":1327,"date":"2024-02-11T10:07:05","date_gmt":"2024-02-11T10:07:05","guid":{"rendered":"https:\/\/sublimesinterieurs.com\/?page_id=1327"},"modified":"2024-03-26T18:55:54","modified_gmt":"2024-03-26T18:55:54","slug":"amenagement-interieure-geneve-suisse","status":"publish","type":"page","link":"https:\/\/www.sublimesinterieurs.com\/index.php\/amenagement-interieure-geneve-suisse\/","title":{"rendered":"Am\u00e9nagement Int\u00e9rieure Gen\u00e8ve, Suisse"},"content":{"rendered":"\t\t<div data-elementor-type=\"wp-post\" data-elementor-id=\"1327\" class=\"elementor elementor-1327\">\n\t\t\t\t\t\t<section class=\"elementor-section elementor-top-section elementor-element elementor-element-5bdc18e elementor-section-boxed elementor-section-height-default elementor-section-height-default\" data-id=\"5bdc18e\" data-element_type=\"section\" data-e-type=\"section\" data-settings=\"{&quot;background_background&quot;:&quot;classic&quot;}\">\n\t\t\t\t\t\t<div class=\"elementor-container elementor-column-gap-default\">\n\t\t\t\t\t<div class=\"elementor-column elementor-col-100 elementor-top-column elementor-element elementor-element-12df95f\" data-id=\"12df95f\" data-element_type=\"column\" data-e-type=\"column\">\n\t\t\t<div class=\"elementor-widget-wrap elementor-element-populated\">\n\t\t\t\t\t\t<div class=\"elementor-element elementor-element-673943f elementor-invisible elementor-widget elementor-widget-heading\" data-id=\"673943f\" data-element_type=\"widget\" data-e-type=\"widget\" data-settings=\"{&quot;_animation&quot;:&quot;fadeIn&quot;}\" data-widget_type=\"heading.default\">\n\t\t\t\t<div class=\"elementor-widget-container\">\n\t\t\t\t\t<h1 class=\"elementor-heading-title elementor-size-default\">AM\u00c9NAGEMENT INT\u00c9RIEURE <\/h1>\t\t\t\t<\/div>\n\t\t\t\t<\/div>\n\t\t\t\t<div class=\"elementor-element elementor-element-1e908de elementor-widget-divider--view-line elementor-invisible elementor-widget elementor-widget-divider\" data-id=\"1e908de\" data-element_type=\"widget\" data-e-type=\"widget\" data-settings=\"{&quot;_animation&quot;:&quot;fadeIn&quot;}\" data-widget_type=\"divider.default\">\n\t\t\t\t<div class=\"elementor-widget-container\">\n\t\t\t\t\t\t\t<div class=\"elementor-divider\">\n\t\t\t<span class=\"elementor-divider-separator\">\n\t\t\t\t\t\t<\/span>\n\t\t<\/div>\n\t\t\t\t\t\t<\/div>\n\t\t\t\t<\/div>\n\t\t\t\t\t<\/div>\n\t\t<\/div>\n\t\t\t\t\t<\/div>\n\t\t<\/section>\n\t\t\t\t<section class=\"elementor-section elementor-top-section elementor-element elementor-element-960b459 elementor-section-boxed elementor-section-height-default elementor-section-height-default\" data-id=\"960b459\" data-element_type=\"section\" data-e-type=\"section\" data-settings=\"{&quot;background_background&quot;:&quot;classic&quot;}\">\n\t\t\t\t\t\t<div class=\"elementor-container elementor-column-gap-default\">\n\t\t\t\t\t<div class=\"elementor-column elementor-col-25 elementor-top-column elementor-element elementor-element-0eabcf6\" data-id=\"0eabcf6\" data-element_type=\"column\" data-e-type=\"column\">\n\t\t\t<div class=\"elementor-widget-wrap elementor-element-populated\">\n\t\t\t\t\t\t<div class=\"elementor-element elementor-element-e9702a1 elementor-view-default elementor-widget elementor-widget-icon\" data-id=\"e9702a1\" data-element_type=\"widget\" data-e-type=\"widget\" data-widget_type=\"icon.default\">\n\t\t\t\t<div class=\"elementor-widget-container\">\n\t\t\t\t\t\t\t<div class=\"elementor-icon-wrapper\">\n\t\t\t<div class=\"elementor-icon\">\n\t\t\t<i aria-hidden=\"true\" class=\"fas fa-home\"><\/i>\t\t\t<\/div>\n\t\t<\/div>\n\t\t\t\t\t\t<\/div>\n\t\t\t\t<\/div>\n\t\t\t\t\t<\/div>\n\t\t<\/div>\n\t\t\t\t<div class=\"elementor-column elementor-col-25 elementor-top-column elementor-element elementor-element-a49ceb5\" data-id=\"a49ceb5\" data-element_type=\"column\" data-e-type=\"column\">\n\t\t\t<div class=\"elementor-widget-wrap elementor-element-populated\">\n\t\t\t\t\t\t<div class=\"elementor-element elementor-element-e7a2dd0 elementor-widget elementor-widget-text-editor\" data-id=\"e7a2dd0\" data-element_type=\"widget\" data-e-type=\"widget\" data-widget_type=\"text-editor.default\">\n\t\t\t\t<div class=\"elementor-widget-container\">\n\t\t\t\t\t\t\t\t\t<p style=\"text-align: center;\"><strong>Cr\u00e9ation d&rsquo;agencements sur mesure dans un appartement neuf<br \/><\/strong><\/p>\t\t\t\t\t\t\t\t<\/div>\n\t\t\t\t<\/div>\n\t\t\t\t\t<\/div>\n\t\t<\/div>\n\t\t\t\t<div class=\"elementor-column elementor-col-25 elementor-top-column elementor-element elementor-element-de55e19\" data-id=\"de55e19\" data-element_type=\"column\" data-e-type=\"column\">\n\t\t\t<div class=\"elementor-widget-wrap elementor-element-populated\">\n\t\t\t\t\t\t<div class=\"elementor-element elementor-element-695b0ea elementor-view-default elementor-widget elementor-widget-icon\" data-id=\"695b0ea\" data-element_type=\"widget\" data-e-type=\"widget\" data-widget_type=\"icon.default\">\n\t\t\t\t<div class=\"elementor-widget-container\">\n\t\t\t\t\t\t\t<div class=\"elementor-icon-wrapper\">\n\t\t\t<div class=\"elementor-icon\">\n\t\t\t<i aria-hidden=\"true\" class=\"fas fa-map-marker-alt\"><\/i>\t\t\t<\/div>\n\t\t<\/div>\n\t\t\t\t\t\t<\/div>\n\t\t\t\t<\/div>\n\t\t\t\t\t<\/div>\n\t\t<\/div>\n\t\t\t\t<div class=\"elementor-column elementor-col-25 elementor-top-column elementor-element elementor-element-0fbba64\" data-id=\"0fbba64\" data-element_type=\"column\" data-e-type=\"column\">\n\t\t\t<div class=\"elementor-widget-wrap elementor-element-populated\">\n\t\t\t\t\t\t<div class=\"elementor-element elementor-element-367dc0d elementor-widget elementor-widget-text-editor\" data-id=\"367dc0d\" data-element_type=\"widget\" data-e-type=\"widget\" data-widget_type=\"text-editor.default\">\n\t\t\t\t<div class=\"elementor-widget-container\">\n\t\t\t\t\t\t\t\t\t<p style=\"text-align: left;\"><strong>Gen\u00e8ve, Suisse<br \/><\/strong><\/p>\t\t\t\t\t\t\t\t<\/div>\n\t\t\t\t<\/div>\n\t\t\t\t\t<\/div>\n\t\t<\/div>\n\t\t\t\t\t<\/div>\n\t\t<\/section>\n\t\t\t\t<section class=\"elementor-section elementor-top-section elementor-element elementor-element-799182e elementor-section-boxed elementor-section-height-default elementor-section-height-default\" data-id=\"799182e\" data-element_type=\"section\" data-e-type=\"section\" data-settings=\"{&quot;background_background&quot;:&quot;classic&quot;}\">\n\t\t\t\t\t\t<div class=\"elementor-container elementor-column-gap-default\">\n\t\t\t\t\t<div class=\"elementor-column elementor-col-33 elementor-top-column elementor-element elementor-element-c6fd37f\" data-id=\"c6fd37f\" data-element_type=\"column\" data-e-type=\"column\">\n\t\t\t<div class=\"elementor-widget-wrap\">\n\t\t\t\t\t\t\t<\/div>\n\t\t<\/div>\n\t\t\t\t<div class=\"elementor-column elementor-col-33 elementor-top-column elementor-element elementor-element-430ac5c\" data-id=\"430ac5c\" data-element_type=\"column\" data-e-type=\"column\">\n\t\t\t<div class=\"elementor-widget-wrap elementor-element-populated\">\n\t\t\t\t\t\t<div class=\"elementor-element elementor-element-c6ea7de elementor-widget elementor-widget-text-editor\" data-id=\"c6ea7de\" data-element_type=\"widget\" data-e-type=\"widget\" data-settings=\"{&quot;_animation&quot;:&quot;none&quot;}\" data-widget_type=\"text-editor.default\">\n\t\t\t\t<div class=\"elementor-widget-container\">\n\t\t\t\t\t\t\t\t\t<p>Mon client venait d\u2019acqu\u00e9rir un appartement neuf livr\u00e9 nu sans aucun am\u00e9nagement int\u00e9rieur. Il souhaitait cr\u00e9er des rangements dans sa pi\u00e8ce de vie, exploiter son sous-escalier, cr\u00e9er des placards dans les chambres tout en apportant un peu de chaleur \u00e0 son int\u00e9rieur<\/p>\t\t\t\t\t\t\t\t<\/div>\n\t\t\t\t<\/div>\n\t\t\t\t\t<\/div>\n\t\t<\/div>\n\t\t\t\t<div class=\"elementor-column elementor-col-33 elementor-top-column elementor-element elementor-element-0448d89\" data-id=\"0448d89\" data-element_type=\"column\" data-e-type=\"column\">\n\t\t\t<div class=\"elementor-widget-wrap\">\n\t\t\t\t\t\t\t<\/div>\n\t\t<\/div>\n\t\t\t\t\t<\/div>\n\t\t<\/section>\n\t\t\t\t<section class=\"elementor-section elementor-top-section elementor-element elementor-element-912bc37 elementor-section-boxed elementor-section-height-default elementor-section-height-default\" data-id=\"912bc37\" data-element_type=\"section\" data-e-type=\"section\" data-settings=\"{&quot;background_background&quot;:&quot;classic&quot;}\">\n\t\t\t\t\t\t<div class=\"elementor-container elementor-column-gap-default\">\n\t\t\t\t\t<div class=\"elementor-column elementor-col-100 elementor-top-column elementor-element elementor-element-b1ba79e\" data-id=\"b1ba79e\" data-element_type=\"column\" data-e-type=\"column\">\n\t\t\t<div class=\"elementor-widget-wrap elementor-element-populated\">\n\t\t\t\t\t\t<div class=\"elementor-element elementor-element-c0c64a7 elementor-arrows-position-inside elementor-pagination-position-outside elementor-widget elementor-widget-image-carousel\" data-id=\"c0c64a7\" data-element_type=\"widget\" data-e-type=\"widget\" data-settings=\"{&quot;slides_to_show&quot;:&quot;1&quot;,&quot;navigation&quot;:&quot;both&quot;,&quot;autoplay&quot;:&quot;yes&quot;,&quot;pause_on_hover&quot;:&quot;yes&quot;,&quot;pause_on_interaction&quot;:&quot;yes&quot;,&quot;autoplay_speed&quot;:5000,&quot;infinite&quot;:&quot;yes&quot;,&quot;effect&quot;:&quot;slide&quot;,&quot;speed&quot;:500}\" data-widget_type=\"image-carousel.default\">\n\t\t\t\t<div class=\"elementor-widget-container\">\n\t\t\t\t\t\t\t<div class=\"elementor-image-carousel-wrapper swiper\" role=\"region\" aria-roledescription=\"carousel\" aria-label=\"Carrousel d\u2019images\" dir=\"rtl\">\n\t\t\t<div class=\"elementor-image-carousel swiper-wrapper\" aria-live=\"off\">\n\t\t\t\t\t\t\t\t<div class=\"swiper-slide\" role=\"group\" aria-roledescription=\"slide\" aria-label=\"1 sur 7\"><figure class=\"swiper-slide-inner\"><img decoding=\"async\" class=\"swiper-slide-image\" src=\"https:\/\/www.sublimesinterieurs.com\/wp-content\/uploads\/2024\/02\/Amenagement-interieure-Geneve-6-768x512.jpg\" alt=\"Am\u00e9nagement int\u00e9rieure Gen\u00e8ve\" \/><\/figure><\/div><div class=\"swiper-slide\" role=\"group\" aria-roledescription=\"slide\" aria-label=\"2 sur 7\"><figure class=\"swiper-slide-inner\"><img decoding=\"async\" class=\"swiper-slide-image\" src=\"https:\/\/www.sublimesinterieurs.com\/wp-content\/uploads\/2024\/02\/Amenagement-interieure-Geneve-5-768x512.jpg\" alt=\"Am\u00e9nagement int\u00e9rieure Gen\u00e8ve\" \/><\/figure><\/div><div class=\"swiper-slide\" role=\"group\" aria-roledescription=\"slide\" aria-label=\"3 sur 7\"><figure class=\"swiper-slide-inner\"><img decoding=\"async\" class=\"swiper-slide-image\" src=\"https:\/\/www.sublimesinterieurs.com\/wp-content\/uploads\/2024\/02\/Amenagement-interieure-Geneve-2-768x512.jpg\" alt=\"Am\u00e9nagement int\u00e9rieure Gen\u00e8ve\" \/><\/figure><\/div><div class=\"swiper-slide\" role=\"group\" aria-roledescription=\"slide\" aria-label=\"4 sur 7\"><figure class=\"swiper-slide-inner\"><img decoding=\"async\" class=\"swiper-slide-image\" src=\"https:\/\/www.sublimesinterieurs.com\/wp-content\/uploads\/2024\/02\/Amenagement-interieure-Geneve-7-768x512.jpg\" alt=\"Am\u00e9nagement int\u00e9rieure Gen\u00e8ve\" \/><\/figure><\/div><div class=\"swiper-slide\" role=\"group\" aria-roledescription=\"slide\" aria-label=\"5 sur 7\"><figure class=\"swiper-slide-inner\"><img decoding=\"async\" class=\"swiper-slide-image\" src=\"https:\/\/www.sublimesinterieurs.com\/wp-content\/uploads\/2024\/02\/Amenagement-interieure-Geneve-8-768x512.jpg\" alt=\"Am\u00e9nagement int\u00e9rieure Gen\u00e8ve\" \/><\/figure><\/div><div class=\"swiper-slide\" role=\"group\" aria-roledescription=\"slide\" aria-label=\"6 sur 7\"><figure class=\"swiper-slide-inner\"><img decoding=\"async\" class=\"swiper-slide-image\" src=\"https:\/\/www.sublimesinterieurs.com\/wp-content\/uploads\/2024\/02\/Amenagement-interieure-Geneve-4-768x512.jpg\" alt=\"Am\u00e9nagement int\u00e9rieure Gen\u00e8ve\" \/><\/figure><\/div><div class=\"swiper-slide\" role=\"group\" aria-roledescription=\"slide\" aria-label=\"7 sur 7\"><figure class=\"swiper-slide-inner\"><img decoding=\"async\" class=\"swiper-slide-image\" src=\"https:\/\/www.sublimesinterieurs.com\/wp-content\/uploads\/2024\/02\/Amenagement-interieure-Geneve-3-768x512.jpg\" alt=\"Am\u00e9nagement int\u00e9rieure Gen\u00e8ve\" \/><\/figure><\/div>\t\t\t<\/div>\n\t\t\t\t\t\t\t\t\t\t\t\t<div class=\"elementor-swiper-button elementor-swiper-button-prev\" role=\"button\" tabindex=\"0\">\n\t\t\t\t\t\t<i aria-hidden=\"true\" class=\"eicon-chevron-left\"><\/i>\t\t\t\t\t<\/div>\n\t\t\t\t\t<div class=\"elementor-swiper-button elementor-swiper-button-next\" role=\"button\" tabindex=\"0\">\n\t\t\t\t\t\t<i aria-hidden=\"true\" class=\"eicon-chevron-right\"><\/i>\t\t\t\t\t<\/div>\n\t\t\t\t\n\t\t\t\t\t\t\t\t\t<div class=\"swiper-pagination\"><\/div>\n\t\t\t\t\t\t\t\t\t<\/div>\n\t\t\t\t\t\t<\/div>\n\t\t\t\t<\/div>\n\t\t\t\t\t<\/div>\n\t\t<\/div>\n\t\t\t\t\t<\/div>\n\t\t<\/section>\n\t\t\t\t<section class=\"elementor-section elementor-top-section elementor-element elementor-element-ae5b82c elementor-section-boxed elementor-section-height-default elementor-section-height-default\" data-id=\"ae5b82c\" data-element_type=\"section\" data-e-type=\"section\">\n\t\t\t\t\t\t<div class=\"elementor-container elementor-column-gap-default\">\n\t\t\t\t\t<div class=\"elementor-column elementor-col-100 elementor-top-column elementor-element elementor-element-9c51643\" data-id=\"9c51643\" data-element_type=\"column\" data-e-type=\"column\">\n\t\t\t<div class=\"elementor-widget-wrap elementor-element-populated\">\n\t\t\t\t\t\t<div class=\"elementor-element elementor-element-c1da930 elementor-widget elementor-widget-spacer\" data-id=\"c1da930\" data-element_type=\"widget\" data-e-type=\"widget\" data-widget_type=\"spacer.default\">\n\t\t\t\t<div class=\"elementor-widget-container\">\n\t\t\t\t\t\t\t<div class=\"elementor-spacer\">\n\t\t\t<div class=\"elementor-spacer-inner\"><\/div>\n\t\t<\/div>\n\t\t\t\t\t\t<\/div>\n\t\t\t\t<\/div>\n\t\t\t\t\t<\/div>\n\t\t<\/div>\n\t\t\t\t\t<\/div>\n\t\t<\/section>\n\t\t\t\t<section class=\"elementor-section elementor-top-section elementor-element elementor-element-d65a5c6 elementor-section-boxed elementor-section-height-default elementor-section-height-default\" data-id=\"d65a5c6\" data-element_type=\"section\" data-e-type=\"section\">\n\t\t\t\t\t\t<div class=\"elementor-container elementor-column-gap-default\">\n\t\t\t\t\t<div class=\"elementor-column elementor-col-100 elementor-top-column elementor-element elementor-element-4aacbc9\" data-id=\"4aacbc9\" data-element_type=\"column\" data-e-type=\"column\">\n\t\t\t<div class=\"elementor-widget-wrap elementor-element-populated\">\n\t\t\t\t\t\t<div class=\"elementor-element elementor-element-a2ae6d0 elementor-invisible elementor-widget elementor-widget-heading\" data-id=\"a2ae6d0\" data-element_type=\"widget\" data-e-type=\"widget\" data-settings=\"{&quot;_animation&quot;:&quot;fadeIn&quot;}\" data-widget_type=\"heading.default\">\n\t\t\t\t<div class=\"elementor-widget-container\">\n\t\t\t\t\t<h2 class=\"elementor-heading-title elementor-size-default\">CAHIER DES CHARGES<\/h2>\t\t\t\t<\/div>\n\t\t\t\t<\/div>\n\t\t\t\t<div class=\"elementor-element elementor-element-8bfc064 elementor-widget-divider--view-line elementor-invisible elementor-widget elementor-widget-divider\" data-id=\"8bfc064\" data-element_type=\"widget\" data-e-type=\"widget\" data-settings=\"{&quot;_animation&quot;:&quot;fadeIn&quot;}\" data-widget_type=\"divider.default\">\n\t\t\t\t<div class=\"elementor-widget-container\">\n\t\t\t\t\t\t\t<div class=\"elementor-divider\">\n\t\t\t<span class=\"elementor-divider-separator\">\n\t\t\t\t\t\t<\/span>\n\t\t<\/div>\n\t\t\t\t\t\t<\/div>\n\t\t\t\t<\/div>\n\t\t\t\t\t<\/div>\n\t\t<\/div>\n\t\t\t\t\t<\/div>\n\t\t<\/section>\n\t\t\t\t<section class=\"elementor-section elementor-top-section elementor-element elementor-element-f748622 elementor-section-boxed elementor-section-height-default elementor-section-height-default\" data-id=\"f748622\" data-element_type=\"section\" data-e-type=\"section\">\n\t\t\t\t\t\t<div class=\"elementor-container elementor-column-gap-default\">\n\t\t\t\t\t<div class=\"elementor-column elementor-col-50 elementor-top-column elementor-element elementor-element-eb53f01\" data-id=\"eb53f01\" data-element_type=\"column\" data-e-type=\"column\">\n\t\t\t<div class=\"elementor-widget-wrap elementor-element-populated\">\n\t\t\t\t\t\t<div class=\"elementor-element elementor-element-034efa8 elementor-widget elementor-widget-image\" data-id=\"034efa8\" data-element_type=\"widget\" data-e-type=\"widget\" data-widget_type=\"image.default\">\n\t\t\t\t<div class=\"elementor-widget-container\">\n\t\t\t\t\t\t\t\t\t\t\t\t\t\t\t<img fetchpriority=\"high\" decoding=\"async\" width=\"525\" height=\"350\" src=\"https:\/\/www.sublimesinterieurs.com\/wp-content\/uploads\/2024\/02\/Amenagement-interieure-Geneve-2-768x512.jpg\" class=\"attachment-medium_large size-medium_large wp-image-1334\" alt=\"Am\u00e9nagement int\u00e9rieure Gen\u00e8ve\" srcset=\"https:\/\/www.sublimesinterieurs.com\/wp-content\/uploads\/2024\/02\/Amenagement-interieure-Geneve-2-768x512.jpg 768w, https:\/\/www.sublimesinterieurs.com\/wp-content\/uploads\/2024\/02\/Amenagement-interieure-Geneve-2-300x200.jpg 300w, https:\/\/www.sublimesinterieurs.com\/wp-content\/uploads\/2024\/02\/Amenagement-interieure-Geneve-2-1024x683.jpg 1024w, https:\/\/www.sublimesinterieurs.com\/wp-content\/uploads\/2024\/02\/Amenagement-interieure-Geneve-2-350x234.jpg 350w, https:\/\/www.sublimesinterieurs.com\/wp-content\/uploads\/2024\/02\/Amenagement-interieure-Geneve-2.jpg 1382w\" sizes=\"100vw\" \/>\t\t\t\t\t\t\t\t\t\t\t\t\t\t\t<\/div>\n\t\t\t\t<\/div>\n\t\t\t\t\t<\/div>\n\t\t<\/div>\n\t\t\t\t<div class=\"elementor-column elementor-col-50 elementor-top-column elementor-element elementor-element-0b97b58\" data-id=\"0b97b58\" data-element_type=\"column\" data-e-type=\"column\">\n\t\t\t<div class=\"elementor-widget-wrap elementor-element-populated\">\n\t\t\t\t\t\t<div class=\"elementor-element elementor-element-5e1249e elementor-icon-list--layout-traditional elementor-list-item-link-full_width elementor-invisible elementor-widget elementor-widget-icon-list\" data-id=\"5e1249e\" data-element_type=\"widget\" data-e-type=\"widget\" data-settings=\"{&quot;_animation&quot;:&quot;fadeInRight&quot;}\" data-widget_type=\"icon-list.default\">\n\t\t\t\t<div class=\"elementor-widget-container\">\n\t\t\t\t\t\t\t<ul class=\"elementor-icon-list-items\">\n\t\t\t\t\t\t\t<li class=\"elementor-icon-list-item\">\n\t\t\t\t\t\t\t\t\t\t\t<span class=\"elementor-icon-list-icon\">\n\t\t\t\t\t\t\t<i aria-hidden=\"true\" class=\"fas fa-pencil-ruler\"><\/i>\t\t\t\t\t\t<\/span>\n\t\t\t\t\t\t\t\t\t\t<span class=\"elementor-icon-list-text\">Exploiter le sous escalier pour cr\u00e9er des rangements et dissimuler la machine \u00e0 laver et le s\u00e8che-linge<\/span>\n\t\t\t\t\t\t\t\t\t<\/li>\n\t\t\t\t\t\t\t\t<li class=\"elementor-icon-list-item\">\n\t\t\t\t\t\t\t\t\t\t\t<span class=\"elementor-icon-list-icon\">\n\t\t\t\t\t\t\t<i aria-hidden=\"true\" class=\"fas fa-pencil-ruler\"><\/i>\t\t\t\t\t\t<\/span>\n\t\t\t\t\t\t\t\t\t\t<span class=\"elementor-icon-list-text\">Habiller la mont\u00e9e d\u2019escalier<\/span>\n\t\t\t\t\t\t\t\t\t<\/li>\n\t\t\t\t\t\t\t\t<li class=\"elementor-icon-list-item\">\n\t\t\t\t\t\t\t\t\t\t\t<span class=\"elementor-icon-list-icon\">\n\t\t\t\t\t\t\t<i aria-hidden=\"true\" class=\"fas fa-pencil-ruler\"><\/i>\t\t\t\t\t\t<\/span>\n\t\t\t\t\t\t\t\t\t\t<span class=\"elementor-icon-list-text\">D\u00e9limiter l\u2019entr\u00e9e par une verri\u00e8re et une petite banquette d\u2019assise<\/span>\n\t\t\t\t\t\t\t\t\t<\/li>\n\t\t\t\t\t\t\t\t<li class=\"elementor-icon-list-item\">\n\t\t\t\t\t\t\t\t\t\t\t<span class=\"elementor-icon-list-icon\">\n\t\t\t\t\t\t\t<i aria-hidden=\"true\" class=\"fas fa-pencil-ruler\"><\/i>\t\t\t\t\t\t<\/span>\n\t\t\t\t\t\t\t\t\t\t<span class=\"elementor-icon-list-text\">Cr\u00e9er des rangements sur mesure dans les chambres et la salle de bain<\/span>\n\t\t\t\t\t\t\t\t\t<\/li>\n\t\t\t\t\t\t<\/ul>\n\t\t\t\t\t\t<\/div>\n\t\t\t\t<\/div>\n\t\t\t\t\t<\/div>\n\t\t<\/div>\n\t\t\t\t\t<\/div>\n\t\t<\/section>\n\t\t\t\t<section class=\"elementor-section elementor-top-section elementor-element elementor-element-f69af59 elementor-section-boxed elementor-section-height-default elementor-section-height-default\" data-id=\"f69af59\" data-element_type=\"section\" data-e-type=\"section\" data-settings=\"{&quot;background_background&quot;:&quot;classic&quot;}\">\n\t\t\t\t\t\t<div class=\"elementor-container elementor-column-gap-default\">\n\t\t\t\t\t<div class=\"elementor-column elementor-col-100 elementor-top-column elementor-element elementor-element-ca24059\" data-id=\"ca24059\" data-element_type=\"column\" data-e-type=\"column\">\n\t\t\t<div class=\"elementor-widget-wrap elementor-element-populated\">\n\t\t\t\t\t\t<div class=\"elementor-element elementor-element-9d2a529 elementor-widget elementor-widget-heading\" data-id=\"9d2a529\" data-element_type=\"widget\" data-e-type=\"widget\" data-widget_type=\"heading.default\">\n\t\t\t\t<div class=\"elementor-widget-container\">\n\t\t\t\t\t<h2 class=\"elementor-heading-title elementor-size-default\">LES CORPS DE M\u00c9TIERS IMPLIQU\u00c9S<\/h2>\t\t\t\t<\/div>\n\t\t\t\t<\/div>\n\t\t\t\t<div class=\"elementor-element elementor-element-0a57a5c elementor-widget-divider--view-line elementor-widget elementor-widget-divider\" data-id=\"0a57a5c\" data-element_type=\"widget\" data-e-type=\"widget\" data-widget_type=\"divider.default\">\n\t\t\t\t<div class=\"elementor-widget-container\">\n\t\t\t\t\t\t\t<div class=\"elementor-divider\">\n\t\t\t<span class=\"elementor-divider-separator\">\n\t\t\t\t\t\t<\/span>\n\t\t<\/div>\n\t\t\t\t\t\t<\/div>\n\t\t\t\t<\/div>\n\t\t\t\t\t<\/div>\n\t\t<\/div>\n\t\t\t\t\t<\/div>\n\t\t<\/section>\n\t\t\t\t<section class=\"elementor-section elementor-top-section elementor-element elementor-element-01d496b elementor-section-boxed elementor-section-height-default elementor-section-height-default\" data-id=\"01d496b\" data-element_type=\"section\" data-e-type=\"section\" data-settings=\"{&quot;background_background&quot;:&quot;classic&quot;}\">\n\t\t\t\t\t\t<div class=\"elementor-container elementor-column-gap-default\">\n\t\t\t\t\t<div class=\"elementor-column elementor-col-33 elementor-top-column elementor-element elementor-element-1fbbbf4\" data-id=\"1fbbbf4\" data-element_type=\"column\" data-e-type=\"column\">\n\t\t\t<div class=\"elementor-widget-wrap\">\n\t\t\t\t\t\t\t<\/div>\n\t\t<\/div>\n\t\t\t\t<div class=\"elementor-column elementor-col-33 elementor-top-column elementor-element elementor-element-c2d5a44\" data-id=\"c2d5a44\" data-element_type=\"column\" data-e-type=\"column\">\n\t\t\t<div class=\"elementor-widget-wrap elementor-element-populated\">\n\t\t\t\t\t\t<div class=\"elementor-element elementor-element-6bb9847 elementor-position-top elementor-invisible elementor-widget elementor-widget-image-box\" data-id=\"6bb9847\" data-element_type=\"widget\" data-e-type=\"widget\" data-settings=\"{&quot;_animation&quot;:&quot;fadeInUp&quot;}\" data-widget_type=\"image-box.default\">\n\t\t\t\t<div class=\"elementor-widget-container\">\n\t\t\t\t\t<div class=\"elementor-image-box-wrapper\"><figure class=\"elementor-image-box-img\"><img decoding=\"async\" width=\"500\" height=\"500\" src=\"https:\/\/www.sublimesinterieurs.com\/wp-content\/uploads\/2024\/02\/Menuisier.png\" class=\"elementor-animation-grow attachment-full size-full wp-image-1059\" alt=\"Menuisier\" srcset=\"https:\/\/www.sublimesinterieurs.com\/wp-content\/uploads\/2024\/02\/Menuisier.png 500w, https:\/\/www.sublimesinterieurs.com\/wp-content\/uploads\/2024\/02\/Menuisier-300x300.png 300w, https:\/\/www.sublimesinterieurs.com\/wp-content\/uploads\/2024\/02\/Menuisier-150x150.png 150w, https:\/\/www.sublimesinterieurs.com\/wp-content\/uploads\/2024\/02\/Menuisier-100x100.png 100w, https:\/\/www.sublimesinterieurs.com\/wp-content\/uploads\/2024\/02\/Menuisier-350x350.png 350w\" sizes=\"(max-width: 500px) 100vw, 500px\" \/><\/figure><div class=\"elementor-image-box-content\"><h3 class=\"elementor-image-box-title\">Un Menuisier<\/h3><p class=\"elementor-image-box-description\">Fabrication et pose de tous les agencements sur mesure sous \u2013 pentes dans les chambres et la salle de bain, l\u2019am\u00e9nagement sous escalier et habillage de la mont\u00e9e d\u2019escalier, verri\u00e8re d\u2019entr\u00e9e et banquette d\u2019assise<\/p><\/div><\/div>\t\t\t\t<\/div>\n\t\t\t\t<\/div>\n\t\t\t\t\t<\/div>\n\t\t<\/div>\n\t\t\t\t<div class=\"elementor-column elementor-col-33 elementor-top-column elementor-element elementor-element-75ca57c\" data-id=\"75ca57c\" data-element_type=\"column\" data-e-type=\"column\">\n\t\t\t<div class=\"elementor-widget-wrap\">\n\t\t\t\t\t\t\t<\/div>\n\t\t<\/div>\n\t\t\t\t\t<\/div>\n\t\t<\/section>\n\t\t\t\t<section class=\"elementor-section elementor-top-section elementor-element elementor-element-dda62ba elementor-section-boxed elementor-section-height-default elementor-section-height-default\" data-id=\"dda62ba\" data-element_type=\"section\" data-e-type=\"section\">\n\t\t\t\t\t\t<div class=\"elementor-container elementor-column-gap-default\">\n\t\t\t\t\t<div class=\"elementor-column elementor-col-100 elementor-top-column elementor-element elementor-element-30c2cab\" data-id=\"30c2cab\" data-element_type=\"column\" data-e-type=\"column\">\n\t\t\t<div class=\"elementor-widget-wrap elementor-element-populated\">\n\t\t\t\t\t\t<div class=\"elementor-element elementor-element-9e741d7 elementor-widget elementor-widget-heading\" data-id=\"9e741d7\" data-element_type=\"widget\" data-e-type=\"widget\" data-widget_type=\"heading.default\">\n\t\t\t\t<div class=\"elementor-widget-container\">\n\t\t\t\t\t<h2 class=\"elementor-heading-title elementor-size-default\">R\u00c9ALISATIONS SIMILAIRES<\/h2>\t\t\t\t<\/div>\n\t\t\t\t<\/div>\n\t\t\t\t<div class=\"elementor-element elementor-element-8873fee elementor-widget-divider--view-line elementor-invisible elementor-widget elementor-widget-divider\" data-id=\"8873fee\" data-element_type=\"widget\" data-e-type=\"widget\" data-settings=\"{&quot;_animation&quot;:&quot;fadeIn&quot;}\" data-widget_type=\"divider.default\">\n\t\t\t\t<div class=\"elementor-widget-container\">\n\t\t\t\t\t\t\t<div class=\"elementor-divider\">\n\t\t\t<span class=\"elementor-divider-separator\">\n\t\t\t\t\t\t<\/span>\n\t\t<\/div>\n\t\t\t\t\t\t<\/div>\n\t\t\t\t<\/div>\n\t\t\t\t\t<\/div>\n\t\t<\/div>\n\t\t\t\t\t<\/div>\n\t\t<\/section>\n\t\t\t\t<section class=\"elementor-section elementor-top-section elementor-element elementor-element-9e3c42e elementor-section-boxed elementor-section-height-default elementor-section-height-default\" data-id=\"9e3c42e\" data-element_type=\"section\" data-e-type=\"section\">\n\t\t\t\t\t\t<div class=\"elementor-container elementor-column-gap-default\">\n\t\t\t\t\t<div class=\"elementor-column elementor-col-33 elementor-top-column elementor-element elementor-element-c5ae1ff\" data-id=\"c5ae1ff\" data-element_type=\"column\" data-e-type=\"column\">\n\t\t\t<div class=\"elementor-widget-wrap elementor-element-populated\">\n\t\t\t\t\t\t<div class=\"elementor-element elementor-element-0ec110b elementor-widget elementor-widget-image\" data-id=\"0ec110b\" data-element_type=\"widget\" data-e-type=\"widget\" data-widget_type=\"image.default\">\n\t\t\t\t<div class=\"elementor-widget-container\">\n\t\t\t\t\t\t\t\t\t\t\t\t\t\t\t\t<a href=\"https:\/\/sublimesinterieurs.com\/index.php\/renovation-bureau-cailloux-sur-fontaines\/\">\n\t\t\t\t\t\t\t<img decoding=\"async\" width=\"525\" height=\"351\" src=\"https:\/\/www.sublimesinterieurs.com\/wp-content\/uploads\/2024\/02\/Renovation-Cailloux-sur-Fontaine-1-1024x684.jpg\" class=\"attachment-large size-large wp-image-1016\" alt=\"\" srcset=\"https:\/\/www.sublimesinterieurs.com\/wp-content\/uploads\/2024\/02\/Renovation-Cailloux-sur-Fontaine-1-1024x684.jpg 1024w, https:\/\/www.sublimesinterieurs.com\/wp-content\/uploads\/2024\/02\/Renovation-Cailloux-sur-Fontaine-1-300x200.jpg 300w, https:\/\/www.sublimesinterieurs.com\/wp-content\/uploads\/2024\/02\/Renovation-Cailloux-sur-Fontaine-1-768x513.jpg 768w, https:\/\/www.sublimesinterieurs.com\/wp-content\/uploads\/2024\/02\/Renovation-Cailloux-sur-Fontaine-1-1536x1025.jpg 1536w, https:\/\/www.sublimesinterieurs.com\/wp-content\/uploads\/2024\/02\/Renovation-Cailloux-sur-Fontaine-1-2048x1367.jpg 2048w, https:\/\/www.sublimesinterieurs.com\/wp-content\/uploads\/2024\/02\/Renovation-Cailloux-sur-Fontaine-1-350x234.jpg 350w\" sizes=\"100vw\" \/>\t\t\t\t\t\t\t\t<\/a>\n\t\t\t\t\t\t\t\t\t\t\t\t\t\t\t<\/div>\n\t\t\t\t<\/div>\n\t\t\t\t\t<\/div>\n\t\t<\/div>\n\t\t\t\t<div class=\"elementor-column elementor-col-33 elementor-top-column elementor-element elementor-element-a214fd1\" data-id=\"a214fd1\" data-element_type=\"column\" data-e-type=\"column\">\n\t\t\t<div class=\"elementor-widget-wrap elementor-element-populated\">\n\t\t\t\t\t\t<div class=\"elementor-element elementor-element-a8fd050 elementor-widget elementor-widget-image\" data-id=\"a8fd050\" data-element_type=\"widget\" data-e-type=\"widget\" data-widget_type=\"image.default\">\n\t\t\t\t<div class=\"elementor-widget-container\">\n\t\t\t\t\t\t\t\t\t\t\t\t\t\t\t\t<a href=\"https:\/\/sublimesinterieurs.com\/index.php\/renovation-appartement-lyon\/\">\n\t\t\t\t\t\t\t<img loading=\"lazy\" decoding=\"async\" width=\"525\" height=\"350\" src=\"https:\/\/www.sublimesinterieurs.com\/wp-content\/uploads\/2024\/03\/Renovation-appartement-Lyon-7-1024x683.jpg\" class=\"attachment-large size-large wp-image-1724\" alt=\"R\u00e9novation appartement Lyon\" srcset=\"https:\/\/www.sublimesinterieurs.com\/wp-content\/uploads\/2024\/03\/Renovation-appartement-Lyon-7-1024x683.jpg 1024w, https:\/\/www.sublimesinterieurs.com\/wp-content\/uploads\/2024\/03\/Renovation-appartement-Lyon-7-300x200.jpg 300w, https:\/\/www.sublimesinterieurs.com\/wp-content\/uploads\/2024\/03\/Renovation-appartement-Lyon-7-768x512.jpg 768w, https:\/\/www.sublimesinterieurs.com\/wp-content\/uploads\/2024\/03\/Renovation-appartement-Lyon-7-350x234.jpg 350w, https:\/\/www.sublimesinterieurs.com\/wp-content\/uploads\/2024\/03\/Renovation-appartement-Lyon-7.jpg 1382w\" sizes=\"100vw\" \/>\t\t\t\t\t\t\t\t<\/a>\n\t\t\t\t\t\t\t\t\t\t\t\t\t\t\t<\/div>\n\t\t\t\t<\/div>\n\t\t\t\t\t<\/div>\n\t\t<\/div>\n\t\t\t\t<div class=\"elementor-column elementor-col-33 elementor-top-column elementor-element elementor-element-e0eb568\" data-id=\"e0eb568\" data-element_type=\"column\" data-e-type=\"column\">\n\t\t\t<div class=\"elementor-widget-wrap elementor-element-populated\">\n\t\t\t\t\t\t<div class=\"elementor-element elementor-element-f5d6e96 elementor-widget elementor-widget-image\" data-id=\"f5d6e96\" data-element_type=\"widget\" data-e-type=\"widget\" data-widget_type=\"image.default\">\n\t\t\t\t<div class=\"elementor-widget-container\">\n\t\t\t\t\t\t\t\t\t\t\t\t\t\t\t\t<a href=\"https:\/\/sublimesinterieurs.com\/index.php\/renovation-interieure-cailloux-sur-fontaines\/\">\n\t\t\t\t\t\t\t<img loading=\"lazy\" decoding=\"async\" width=\"525\" height=\"351\" src=\"https:\/\/www.sublimesinterieurs.com\/wp-content\/uploads\/2024\/02\/Renovation-interieure-Cailloux-sur-Fontaine-1-1024x684.jpg\" class=\"attachment-large size-large wp-image-981\" alt=\"R\u00e9novation int\u00e9rieure Cailloux sur Fontaine\" srcset=\"https:\/\/www.sublimesinterieurs.com\/wp-content\/uploads\/2024\/02\/Renovation-interieure-Cailloux-sur-Fontaine-1-1024x684.jpg 1024w, https:\/\/www.sublimesinterieurs.com\/wp-content\/uploads\/2024\/02\/Renovation-interieure-Cailloux-sur-Fontaine-1-300x200.jpg 300w, https:\/\/www.sublimesinterieurs.com\/wp-content\/uploads\/2024\/02\/Renovation-interieure-Cailloux-sur-Fontaine-1-768x513.jpg 768w, https:\/\/www.sublimesinterieurs.com\/wp-content\/uploads\/2024\/02\/Renovation-interieure-Cailloux-sur-Fontaine-1-1536x1025.jpg 1536w, https:\/\/www.sublimesinterieurs.com\/wp-content\/uploads\/2024\/02\/Renovation-interieure-Cailloux-sur-Fontaine-1-2048x1367.jpg 2048w, https:\/\/www.sublimesinterieurs.com\/wp-content\/uploads\/2024\/02\/Renovation-interieure-Cailloux-sur-Fontaine-1-350x234.jpg 350w\" sizes=\"100vw\" \/>\t\t\t\t\t\t\t\t<\/a>\n\t\t\t\t\t\t\t\t\t\t\t\t\t\t\t<\/div>\n\t\t\t\t<\/div>\n\t\t\t\t\t<\/div>\n\t\t<\/div>\n\t\t\t\t\t<\/div>\n\t\t<\/section>\n\t\t\t\t<section class=\"elementor-section elementor-top-section elementor-element elementor-element-5621ef9 elementor-section-boxed elementor-section-height-default elementor-section-height-default\" data-id=\"5621ef9\" data-element_type=\"section\" data-e-type=\"section\">\n\t\t\t\t\t\t<div class=\"elementor-container elementor-column-gap-default\">\n\t\t\t\t\t<div class=\"elementor-column elementor-col-33 elementor-top-column elementor-element elementor-element-6102548\" data-id=\"6102548\" data-element_type=\"column\" data-e-type=\"column\">\n\t\t\t<div class=\"elementor-widget-wrap elementor-element-populated\">\n\t\t\t\t\t\t<div class=\"elementor-element elementor-element-0cb4f18 elementor-align-center elementor-widget elementor-widget-button\" data-id=\"0cb4f18\" data-element_type=\"widget\" data-e-type=\"widget\" data-settings=\"{&quot;_animation_mobile&quot;:&quot;fadeInUp&quot;}\" data-widget_type=\"button.default\">\n\t\t\t\t<div class=\"elementor-widget-container\">\n\t\t\t\t\t\t\t\t\t<div class=\"elementor-button-wrapper\">\n\t\t\t\t\t<a class=\"elementor-button elementor-button-link elementor-size-sm elementor-animation-grow\" href=\"https:\/\/sublimesinterieurs.com\/index.php\/renovation-bureau-cailloux-sur-fontaines\/\">\n\t\t\t\t\t\t<span class=\"elementor-button-content-wrapper\">\n\t\t\t\t\t\t\t\t\t<span class=\"elementor-button-text\">RENOVATION BUREAU<BR>CAILLOUX SUR FONTAINES<\/span>\n\t\t\t\t\t<\/span>\n\t\t\t\t\t<\/a>\n\t\t\t\t<\/div>\n\t\t\t\t\t\t\t\t<\/div>\n\t\t\t\t<\/div>\n\t\t\t\t\t<\/div>\n\t\t<\/div>\n\t\t\t\t<div class=\"elementor-column elementor-col-33 elementor-top-column elementor-element elementor-element-5a0a5c0\" data-id=\"5a0a5c0\" data-element_type=\"column\" data-e-type=\"column\">\n\t\t\t<div class=\"elementor-widget-wrap elementor-element-populated\">\n\t\t\t\t\t\t<div class=\"elementor-element elementor-element-08ea6d4 elementor-align-center elementor-widget elementor-widget-button\" data-id=\"08ea6d4\" data-element_type=\"widget\" data-e-type=\"widget\" data-settings=\"{&quot;_animation_mobile&quot;:&quot;fadeInUp&quot;}\" data-widget_type=\"button.default\">\n\t\t\t\t<div class=\"elementor-widget-container\">\n\t\t\t\t\t\t\t\t\t<div class=\"elementor-button-wrapper\">\n\t\t\t\t\t<a class=\"elementor-button elementor-button-link elementor-size-sm elementor-animation-grow\" href=\"https:\/\/sublimesinterieurs.com\/index.php\/renovation-appartement-lyon\/\">\n\t\t\t\t\t\t<span class=\"elementor-button-content-wrapper\">\n\t\t\t\t\t\t\t\t\t<span class=\"elementor-button-text\">RENOVATION APPARTEMENT<BR>LYON<\/span>\n\t\t\t\t\t<\/span>\n\t\t\t\t\t<\/a>\n\t\t\t\t<\/div>\n\t\t\t\t\t\t\t\t<\/div>\n\t\t\t\t<\/div>\n\t\t\t\t\t<\/div>\n\t\t<\/div>\n\t\t\t\t<div class=\"elementor-column elementor-col-33 elementor-top-column elementor-element elementor-element-2bb2de2\" data-id=\"2bb2de2\" data-element_type=\"column\" data-e-type=\"column\">\n\t\t\t<div class=\"elementor-widget-wrap elementor-element-populated\">\n\t\t\t\t\t\t<div class=\"elementor-element elementor-element-65af35f elementor-align-center elementor-widget elementor-widget-button\" data-id=\"65af35f\" data-element_type=\"widget\" data-e-type=\"widget\" data-settings=\"{&quot;_animation_mobile&quot;:&quot;fadeInUp&quot;}\" data-widget_type=\"button.default\">\n\t\t\t\t<div class=\"elementor-widget-container\">\n\t\t\t\t\t\t\t\t\t<div class=\"elementor-button-wrapper\">\n\t\t\t\t\t<a class=\"elementor-button elementor-button-link elementor-size-sm elementor-animation-grow\" href=\"https:\/\/sublimesinterieurs.com\/index.php\/renovation-interieure-cailloux-sur-fontaines\/\">\n\t\t\t\t\t\t<span class=\"elementor-button-content-wrapper\">\n\t\t\t\t\t\t\t\t\t<span class=\"elementor-button-text\">RENOVATION INTERIEURE<BR>CAILLOUX SUR FONTAINES<\/span>\n\t\t\t\t\t<\/span>\n\t\t\t\t\t<\/a>\n\t\t\t\t<\/div>\n\t\t\t\t\t\t\t\t<\/div>\n\t\t\t\t<\/div>\n\t\t\t\t\t<\/div>\n\t\t<\/div>\n\t\t\t\t\t<\/div>\n\t\t<\/section>\n\t\t\t\t<section class=\"elementor-section elementor-top-section elementor-element elementor-element-4bc49c5 elementor-section-boxed elementor-section-height-default elementor-section-height-default\" data-id=\"4bc49c5\" data-element_type=\"section\" data-e-type=\"section\">\n\t\t\t\t\t\t<div class=\"elementor-container elementor-column-gap-default\">\n\t\t\t\t\t<div class=\"elementor-column elementor-col-100 elementor-top-column elementor-element elementor-element-2b33504\" data-id=\"2b33504\" data-element_type=\"column\" data-e-type=\"column\">\n\t\t\t<div class=\"elementor-widget-wrap elementor-element-populated\">\n\t\t\t\t\t\t<div class=\"elementor-element elementor-element-0c33566 elementor-widget elementor-widget-spacer\" data-id=\"0c33566\" data-element_type=\"widget\" data-e-type=\"widget\" data-widget_type=\"spacer.default\">\n\t\t\t\t<div class=\"elementor-widget-container\">\n\t\t\t\t\t\t\t<div class=\"elementor-spacer\">\n\t\t\t<div class=\"elementor-spacer-inner\"><\/div>\n\t\t<\/div>\n\t\t\t\t\t\t<\/div>\n\t\t\t\t<\/div>\n\t\t\t\t\t<\/div>\n\t\t<\/div>\n\t\t\t\t\t<\/div>\n\t\t<\/section>\n\t\t\t\t<section class=\"elementor-section elementor-top-section elementor-element elementor-element-40395cf elementor-section-full_width elementor-section-height-default elementor-section-height-default\" data-id=\"40395cf\" data-element_type=\"section\" data-e-type=\"section\" data-settings=\"{&quot;background_background&quot;:&quot;classic&quot;}\">\n\t\t\t\t\t\t<div class=\"elementor-container elementor-column-gap-default\">\n\t\t\t\t\t<div class=\"elementor-column elementor-col-33 elementor-top-column elementor-element elementor-element-a078b8b\" data-id=\"a078b8b\" data-element_type=\"column\" data-e-type=\"column\">\n\t\t\t<div class=\"elementor-widget-wrap\">\n\t\t\t\t\t\t\t<\/div>\n\t\t<\/div>\n\t\t\t\t<div class=\"elementor-column elementor-col-33 elementor-top-column elementor-element elementor-element-e570579\" data-id=\"e570579\" data-element_type=\"column\" data-e-type=\"column\">\n\t\t\t<div class=\"elementor-widget-wrap elementor-element-populated\">\n\t\t\t\t\t\t<div class=\"elementor-element elementor-element-a07e533 elementor-widget elementor-widget-spacer\" data-id=\"a07e533\" data-element_type=\"widget\" data-e-type=\"widget\" data-widget_type=\"spacer.default\">\n\t\t\t\t<div class=\"elementor-widget-container\">\n\t\t\t\t\t\t\t<div class=\"elementor-spacer\">\n\t\t\t<div class=\"elementor-spacer-inner\"><\/div>\n\t\t<\/div>\n\t\t\t\t\t\t<\/div>\n\t\t\t\t<\/div>\n\t\t\t\t<div class=\"elementor-element elementor-element-aa51a40 elementor-invisible elementor-widget elementor-widget-heading\" data-id=\"aa51a40\" data-element_type=\"widget\" data-e-type=\"widget\" data-settings=\"{&quot;_animation&quot;:&quot;fadeIn&quot;}\" data-widget_type=\"heading.default\">\n\t\t\t\t<div class=\"elementor-widget-container\">\n\t\t\t\t\t<h2 class=\"elementor-heading-title elementor-size-default\"><br>Pour rendre vos int\u00e9rieurs<BR>SUBLIMES<br><br><br><\/h2>\t\t\t\t<\/div>\n\t\t\t\t<\/div>\n\t\t\t\t<div class=\"elementor-element elementor-element-a71182f elementor-widget elementor-widget-spacer\" data-id=\"a71182f\" data-element_type=\"widget\" data-e-type=\"widget\" data-widget_type=\"spacer.default\">\n\t\t\t\t<div class=\"elementor-widget-container\">\n\t\t\t\t\t\t\t<div class=\"elementor-spacer\">\n\t\t\t<div class=\"elementor-spacer-inner\"><\/div>\n\t\t<\/div>\n\t\t\t\t\t\t<\/div>\n\t\t\t\t<\/div>\n\t\t\t\t<div class=\"elementor-element elementor-element-fcc71ae elementor-align-center elementor-invisible elementor-widget elementor-widget-button\" data-id=\"fcc71ae\" data-element_type=\"widget\" data-e-type=\"widget\" data-settings=\"{&quot;_animation&quot;:&quot;zoomIn&quot;}\" data-widget_type=\"button.default\">\n\t\t\t\t<div class=\"elementor-widget-container\">\n\t\t\t\t\t\t\t\t\t<div class=\"elementor-button-wrapper\">\n\t\t\t\t\t<a class=\"elementor-button elementor-button-link elementor-size-sm\" href=\"https:\/\/sublimesinterieurs.com\/index.php\/contact\/\">\n\t\t\t\t\t\t<span class=\"elementor-button-content-wrapper\">\n\t\t\t\t\t\t\t\t\t<span class=\"elementor-button-text\">CONTACTEZ-MOI<\/span>\n\t\t\t\t\t<\/span>\n\t\t\t\t\t<\/a>\n\t\t\t\t<\/div>\n\t\t\t\t\t\t\t\t<\/div>\n\t\t\t\t<\/div>\n\t\t\t\t\t<\/div>\n\t\t<\/div>\n\t\t\t\t<div class=\"elementor-column elementor-col-33 elementor-top-column elementor-element elementor-element-e2d4a71\" data-id=\"e2d4a71\" data-element_type=\"column\" data-e-type=\"column\">\n\t\t\t<div class=\"elementor-widget-wrap\">\n\t\t\t\t\t\t\t<\/div>\n\t\t<\/div>\n\t\t\t\t\t<\/div>\n\t\t<\/section>\n\t\t\t\t<\/div>\n\t\t","protected":false},"excerpt":{"rendered":"<p>AM\u00c9NAGEMENT INT\u00c9RIEURE Cr\u00e9ation d&rsquo;agencements sur mesure dans un appartement neuf Gen\u00e8ve, Suisse Mon client venait d\u2019acqu\u00e9rir un appartement neuf livr\u00e9 nu sans aucun am\u00e9nagement int\u00e9rieur. Il souhaitait cr\u00e9er des rangements dans sa pi\u00e8ce de vie, exploiter son sous-escalier, cr\u00e9er des placards dans les chambres tout en apportant un peu de chaleur \u00e0 son int\u00e9rieur CAHIER &hellip; <\/p>\n<p class=\"link-more\"><a href=\"https:\/\/www.sublimesinterieurs.com\/index.php\/amenagement-interieure-geneve-suisse\/\" class=\"more-link\">Continuer la lecture<span class=\"screen-reader-text\"> de &laquo;&nbsp;Am\u00e9nagement Int\u00e9rieure Gen\u00e8ve, Suisse&nbsp;&raquo;<\/span><\/a><\/p>\n","protected":false},"author":1,"featured_media":0,"parent":0,"menu_order":0,"comment_status":"closed","ping_status":"closed","template":"elementor_header_footer","meta":{"_uag_custom_page_level_css":"","footnotes":""},"class_list":["post-1327","page","type-page","status-publish","hentry"],"yoast_head":"<!-- This site is optimized with the Yoast SEO plugin v26.9 - https:\/\/yoast.com\/product\/yoast-seo-wordpress\/ -->\n<title>Am\u00e9nagement Int\u00e9rieure Gen\u00e8ve, Suisse - Sublimes Int\u00e9rieurs By C\u00e9line<\/title>\n<meta name=\"robots\" content=\"index, follow, max-snippet:-1, max-image-preview:large, max-video-preview:-1\" \/>\n<link rel=\"canonical\" href=\"https:\/\/www.sublimesinterieurs.com\/index.php\/amenagement-interieure-geneve-suisse\/\" \/>\n<meta property=\"og:locale\" content=\"fr_FR\" \/>\n<meta property=\"og:type\" content=\"article\" \/>\n<meta property=\"og:title\" content=\"Am\u00e9nagement Int\u00e9rieure Gen\u00e8ve, Suisse - Sublimes Int\u00e9rieurs By C\u00e9line\" \/>\n<meta property=\"og:description\" content=\"AM\u00c9NAGEMENT INT\u00c9RIEURE Cr\u00e9ation d&rsquo;agencements sur mesure dans un appartement neuf Gen\u00e8ve, Suisse Mon client venait d\u2019acqu\u00e9rir un appartement neuf livr\u00e9 nu sans aucun am\u00e9nagement int\u00e9rieur. Il souhaitait cr\u00e9er des rangements dans sa pi\u00e8ce de vie, exploiter son sous-escalier, cr\u00e9er des placards dans les chambres tout en apportant un peu de chaleur \u00e0 son int\u00e9rieur CAHIER &hellip; Continuer la lecture de &laquo;&nbsp;Am\u00e9nagement Int\u00e9rieure Gen\u00e8ve, Suisse&nbsp;&raquo;\" \/>\n<meta property=\"og:url\" content=\"https:\/\/www.sublimesinterieurs.com\/index.php\/amenagement-interieure-geneve-suisse\/\" \/>\n<meta property=\"og:site_name\" content=\"Sublimes Int\u00e9rieurs By C\u00e9line\" \/>\n<meta property=\"article:modified_time\" content=\"2024-03-26T18:55:54+00:00\" \/>\n<meta property=\"og:image\" content=\"https:\/\/www.sublimesinterieurs.com\/wp-content\/uploads\/2024\/02\/Amenagement-interieure-Geneve-6-768x512.jpg\" \/>\n<meta name=\"twitter:card\" content=\"summary_large_image\" \/>\n<meta name=\"twitter:label1\" content=\"Dur\u00e9e de lecture estim\u00e9e\" \/>\n\t<meta name=\"twitter:data1\" content=\"1 minute\" \/>\n<script type=\"application\/ld+json\" class=\"yoast-schema-graph\">{\"@context\":\"https:\/\/schema.org\",\"@graph\":[{\"@type\":\"WebPage\",\"@id\":\"https:\/\/www.sublimesinterieurs.com\/index.php\/amenagement-interieure-geneve-suisse\/\",\"url\":\"https:\/\/www.sublimesinterieurs.com\/index.php\/amenagement-interieure-geneve-suisse\/\",\"name\":\"Am\u00e9nagement Int\u00e9rieure Gen\u00e8ve, Suisse - Sublimes Int\u00e9rieurs By C\u00e9line\",\"isPartOf\":{\"@id\":\"https:\/\/www.sublimesinterieurs.com\/#website\"},\"primaryImageOfPage\":{\"@id\":\"https:\/\/www.sublimesinterieurs.com\/index.php\/amenagement-interieure-geneve-suisse\/#primaryimage\"},\"image\":{\"@id\":\"https:\/\/www.sublimesinterieurs.com\/index.php\/amenagement-interieure-geneve-suisse\/#primaryimage\"},\"thumbnailUrl\":\"https:\/\/www.sublimesinterieurs.com\/wp-content\/uploads\/2024\/02\/Amenagement-interieure-Geneve-6-768x512.jpg\",\"datePublished\":\"2024-02-11T10:07:05+00:00\",\"dateModified\":\"2024-03-26T18:55:54+00:00\",\"breadcrumb\":{\"@id\":\"https:\/\/www.sublimesinterieurs.com\/index.php\/amenagement-interieure-geneve-suisse\/#breadcrumb\"},\"inLanguage\":\"fr-FR\",\"potentialAction\":[{\"@type\":\"ReadAction\",\"target\":[\"https:\/\/www.sublimesinterieurs.com\/index.php\/amenagement-interieure-geneve-suisse\/\"]}]},{\"@type\":\"ImageObject\",\"inLanguage\":\"fr-FR\",\"@id\":\"https:\/\/www.sublimesinterieurs.com\/index.php\/amenagement-interieure-geneve-suisse\/#primaryimage\",\"url\":\"https:\/\/www.sublimesinterieurs.com\/wp-content\/uploads\/2024\/02\/Amenagement-interieure-Geneve-6.jpg\",\"contentUrl\":\"https:\/\/www.sublimesinterieurs.com\/wp-content\/uploads\/2024\/02\/Amenagement-interieure-Geneve-6.jpg\",\"width\":1382,\"height\":922,\"caption\":\"Am\u00e9nagement int\u00e9rieure Gen\u00e8ve\"},{\"@type\":\"BreadcrumbList\",\"@id\":\"https:\/\/www.sublimesinterieurs.com\/index.php\/amenagement-interieure-geneve-suisse\/#breadcrumb\",\"itemListElement\":[{\"@type\":\"ListItem\",\"position\":1,\"name\":\"Accueil\",\"item\":\"https:\/\/www.sublimesinterieurs.com\/\"},{\"@type\":\"ListItem\",\"position\":2,\"name\":\"Am\u00e9nagement Int\u00e9rieure Gen\u00e8ve, Suisse\"}]},{\"@type\":\"WebSite\",\"@id\":\"https:\/\/www.sublimesinterieurs.com\/#website\",\"url\":\"https:\/\/www.sublimesinterieurs.com\/\",\"name\":\"Sublimes Int\u00e9rieurs By C\u00e9line\",\"description\":\"Agence d&#039;architecture et de d\u00e9coration d&#039;int\u00e9rieur\",\"publisher\":{\"@id\":\"https:\/\/www.sublimesinterieurs.com\/#organization\"},\"potentialAction\":[{\"@type\":\"SearchAction\",\"target\":{\"@type\":\"EntryPoint\",\"urlTemplate\":\"https:\/\/www.sublimesinterieurs.com\/?s={search_term_string}\"},\"query-input\":{\"@type\":\"PropertyValueSpecification\",\"valueRequired\":true,\"valueName\":\"search_term_string\"}}],\"inLanguage\":\"fr-FR\"},{\"@type\":\"Organization\",\"@id\":\"https:\/\/www.sublimesinterieurs.com\/#organization\",\"name\":\"Sublimes Int\u00e9rieurs By C\u00e9line\",\"url\":\"https:\/\/www.sublimesinterieurs.com\/\",\"logo\":{\"@type\":\"ImageObject\",\"inLanguage\":\"fr-FR\",\"@id\":\"https:\/\/www.sublimesinterieurs.com\/#\/schema\/logo\/image\/\",\"url\":\"https:\/\/www.sublimesinterieurs.com\/wp-content\/uploads\/2019\/03\/cropped-cropped-favicon-1.png\",\"contentUrl\":\"https:\/\/www.sublimesinterieurs.com\/wp-content\/uploads\/2019\/03\/cropped-cropped-favicon-1.png\",\"width\":250,\"height\":250,\"caption\":\"Sublimes Int\u00e9rieurs By C\u00e9line\"},\"image\":{\"@id\":\"https:\/\/www.sublimesinterieurs.com\/#\/schema\/logo\/image\/\"}}]}<\/script>\n<!-- \/ Yoast SEO plugin. -->","yoast_head_json":{"title":"Am\u00e9nagement Int\u00e9rieure Gen\u00e8ve, Suisse - Sublimes Int\u00e9rieurs By C\u00e9line","robots":{"index":"index","follow":"follow","max-snippet":"max-snippet:-1","max-image-preview":"max-image-preview:large","max-video-preview":"max-video-preview:-1"},"canonical":"https:\/\/www.sublimesinterieurs.com\/index.php\/amenagement-interieure-geneve-suisse\/","og_locale":"fr_FR","og_type":"article","og_title":"Am\u00e9nagement Int\u00e9rieure Gen\u00e8ve, Suisse - Sublimes Int\u00e9rieurs By C\u00e9line","og_description":"AM\u00c9NAGEMENT INT\u00c9RIEURE Cr\u00e9ation d&rsquo;agencements sur mesure dans un appartement neuf Gen\u00e8ve, Suisse Mon client venait d\u2019acqu\u00e9rir un appartement neuf livr\u00e9 nu sans aucun am\u00e9nagement int\u00e9rieur. Il souhaitait cr\u00e9er des rangements dans sa pi\u00e8ce de vie, exploiter son sous-escalier, cr\u00e9er des placards dans les chambres tout en apportant un peu de chaleur \u00e0 son int\u00e9rieur CAHIER &hellip; Continuer la lecture de &laquo;&nbsp;Am\u00e9nagement Int\u00e9rieure Gen\u00e8ve, Suisse&nbsp;&raquo;","og_url":"https:\/\/www.sublimesinterieurs.com\/index.php\/amenagement-interieure-geneve-suisse\/","og_site_name":"Sublimes Int\u00e9rieurs By C\u00e9line","article_modified_time":"2024-03-26T18:55:54+00:00","og_image":[{"url":"https:\/\/www.sublimesinterieurs.com\/wp-content\/uploads\/2024\/02\/Amenagement-interieure-Geneve-6-768x512.jpg","type":"","width":"","height":""}],"twitter_card":"summary_large_image","twitter_misc":{"Dur\u00e9e de lecture estim\u00e9e":"1 minute"},"schema":{"@context":"https:\/\/schema.org","@graph":[{"@type":"WebPage","@id":"https:\/\/www.sublimesinterieurs.com\/index.php\/amenagement-interieure-geneve-suisse\/","url":"https:\/\/www.sublimesinterieurs.com\/index.php\/amenagement-interieure-geneve-suisse\/","name":"Am\u00e9nagement Int\u00e9rieure Gen\u00e8ve, Suisse - Sublimes Int\u00e9rieurs By C\u00e9line","isPartOf":{"@id":"https:\/\/www.sublimesinterieurs.com\/#website"},"primaryImageOfPage":{"@id":"https:\/\/www.sublimesinterieurs.com\/index.php\/amenagement-interieure-geneve-suisse\/#primaryimage"},"image":{"@id":"https:\/\/www.sublimesinterieurs.com\/index.php\/amenagement-interieure-geneve-suisse\/#primaryimage"},"thumbnailUrl":"https:\/\/www.sublimesinterieurs.com\/wp-content\/uploads\/2024\/02\/Amenagement-interieure-Geneve-6-768x512.jpg","datePublished":"2024-02-11T10:07:05+00:00","dateModified":"2024-03-26T18:55:54+00:00","breadcrumb":{"@id":"https:\/\/www.sublimesinterieurs.com\/index.php\/amenagement-interieure-geneve-suisse\/#breadcrumb"},"inLanguage":"fr-FR","potentialAction":[{"@type":"ReadAction","target":["https:\/\/www.sublimesinterieurs.com\/index.php\/amenagement-interieure-geneve-suisse\/"]}]},{"@type":"ImageObject","inLanguage":"fr-FR","@id":"https:\/\/www.sublimesinterieurs.com\/index.php\/amenagement-interieure-geneve-suisse\/#primaryimage","url":"https:\/\/www.sublimesinterieurs.com\/wp-content\/uploads\/2024\/02\/Amenagement-interieure-Geneve-6.jpg","contentUrl":"https:\/\/www.sublimesinterieurs.com\/wp-content\/uploads\/2024\/02\/Amenagement-interieure-Geneve-6.jpg","width":1382,"height":922,"caption":"Am\u00e9nagement int\u00e9rieure Gen\u00e8ve"},{"@type":"BreadcrumbList","@id":"https:\/\/www.sublimesinterieurs.com\/index.php\/amenagement-interieure-geneve-suisse\/#breadcrumb","itemListElement":[{"@type":"ListItem","position":1,"name":"Accueil","item":"https:\/\/www.sublimesinterieurs.com\/"},{"@type":"ListItem","position":2,"name":"Am\u00e9nagement Int\u00e9rieure Gen\u00e8ve, Suisse"}]},{"@type":"WebSite","@id":"https:\/\/www.sublimesinterieurs.com\/#website","url":"https:\/\/www.sublimesinterieurs.com\/","name":"Sublimes Int\u00e9rieurs By C\u00e9line","description":"Agence d&#039;architecture et de d\u00e9coration d&#039;int\u00e9rieur","publisher":{"@id":"https:\/\/www.sublimesinterieurs.com\/#organization"},"potentialAction":[{"@type":"SearchAction","target":{"@type":"EntryPoint","urlTemplate":"https:\/\/www.sublimesinterieurs.com\/?s={search_term_string}"},"query-input":{"@type":"PropertyValueSpecification","valueRequired":true,"valueName":"search_term_string"}}],"inLanguage":"fr-FR"},{"@type":"Organization","@id":"https:\/\/www.sublimesinterieurs.com\/#organization","name":"Sublimes Int\u00e9rieurs By C\u00e9line","url":"https:\/\/www.sublimesinterieurs.com\/","logo":{"@type":"ImageObject","inLanguage":"fr-FR","@id":"https:\/\/www.sublimesinterieurs.com\/#\/schema\/logo\/image\/","url":"https:\/\/www.sublimesinterieurs.com\/wp-content\/uploads\/2019\/03\/cropped-cropped-favicon-1.png","contentUrl":"https:\/\/www.sublimesinterieurs.com\/wp-content\/uploads\/2019\/03\/cropped-cropped-favicon-1.png","width":250,"height":250,"caption":"Sublimes Int\u00e9rieurs By C\u00e9line"},"image":{"@id":"https:\/\/www.sublimesinterieurs.com\/#\/schema\/logo\/image\/"}}]}},"uagb_featured_image_src":{"full":false,"thumbnail":false,"medium":false,"medium_large":false,"large":false,"1536x1536":false,"2048x2048":false,"twentyseventeen-featured-image":false,"twentyseventeen-thumbnail-avatar":false,"blog-list-post-size":false},"uagb_author_info":{"display_name":"admin","author_link":"https:\/\/www.sublimesinterieurs.com\/index.php\/author\/admin\/"},"uagb_comment_info":0,"uagb_excerpt":"AM\u00c9NAGEMENT INT\u00c9RIEURE Cr\u00e9ation d&rsquo;agencements sur mesure dans un appartement neuf Gen\u00e8ve, Suisse Mon client venait d\u2019acqu\u00e9rir un appartement neuf livr\u00e9 nu sans aucun am\u00e9nagement int\u00e9rieur. Il souhaitait cr\u00e9er des rangements dans sa pi\u00e8ce de vie, exploiter son sous-escalier, cr\u00e9er des placards dans les chambres tout en apportant un peu de chaleur \u00e0 son int\u00e9rieur CAHIER\u2026","_links":{"self":[{"href":"https:\/\/www.sublimesinterieurs.com\/index.php\/wp-json\/wp\/v2\/pages\/1327","targetHints":{"allow":["GET"]}}],"collection":[{"href":"https:\/\/www.sublimesinterieurs.com\/index.php\/wp-json\/wp\/v2\/pages"}],"about":[{"href":"https:\/\/www.sublimesinterieurs.com\/index.php\/wp-json\/wp\/v2\/types\/page"}],"author":[{"embeddable":true,"href":"https:\/\/www.sublimesinterieurs.com\/index.php\/wp-json\/wp\/v2\/users\/1"}],"replies":[{"embeddable":true,"href":"https:\/\/www.sublimesinterieurs.com\/index.php\/wp-json\/wp\/v2\/comments?post=1327"}],"version-history":[{"count":19,"href":"https:\/\/www.sublimesinterieurs.com\/index.php\/wp-json\/wp\/v2\/pages\/1327\/revisions"}],"predecessor-version":[{"id":1776,"href":"https:\/\/www.sublimesinterieurs.com\/index.php\/wp-json\/wp\/v2\/pages\/1327\/revisions\/1776"}],"wp:attachment":[{"href":"https:\/\/www.sublimesinterieurs.com\/index.php\/wp-json\/wp\/v2\/media?parent=1327"}],"curies":[{"name":"wp","href":"https:\/\/api.w.org\/{rel}","templated":true}]}}