{"id":1225,"date":"2024-02-09T17:30:17","date_gmt":"2024-02-09T17:30:17","guid":{"rendered":"https:\/\/sublimesinterieurs.com\/?page_id=1225"},"modified":"2024-03-26T18:50:43","modified_gmt":"2024-03-26T18:50:43","slug":"renovation-interieure-pamiers-09","status":"publish","type":"page","link":"https:\/\/www.sublimesinterieurs.com\/index.php\/renovation-interieure-pamiers-09\/","title":{"rendered":"R\u00e9novation int\u00e9rieure Pamiers (09)"},"content":{"rendered":"\t\t<div data-elementor-type=\"wp-post\" data-elementor-id=\"1225\" class=\"elementor elementor-1225\">\n\t\t\t\t\t\t<section class=\"elementor-section elementor-top-section elementor-element elementor-element-5bdc18e elementor-section-boxed elementor-section-height-default elementor-section-height-default\" data-id=\"5bdc18e\" data-element_type=\"section\" data-e-type=\"section\" data-settings=\"{&quot;background_background&quot;:&quot;classic&quot;}\">\n\t\t\t\t\t\t<div class=\"elementor-container elementor-column-gap-default\">\n\t\t\t\t\t<div class=\"elementor-column elementor-col-100 elementor-top-column elementor-element elementor-element-12df95f\" data-id=\"12df95f\" data-element_type=\"column\" data-e-type=\"column\">\n\t\t\t<div class=\"elementor-widget-wrap elementor-element-populated\">\n\t\t\t\t\t\t<div class=\"elementor-element elementor-element-673943f elementor-invisible elementor-widget elementor-widget-heading\" data-id=\"673943f\" data-element_type=\"widget\" data-e-type=\"widget\" data-settings=\"{&quot;_animation&quot;:&quot;fadeIn&quot;}\" data-widget_type=\"heading.default\">\n\t\t\t\t<div class=\"elementor-widget-container\">\n\t\t\t\t\t<h1 class=\"elementor-heading-title elementor-size-default\">R\u00c9NOVATION INT\u00c9RIEURE <\/h1>\t\t\t\t<\/div>\n\t\t\t\t<\/div>\n\t\t\t\t<div class=\"elementor-element elementor-element-1e908de elementor-widget-divider--view-line elementor-invisible elementor-widget elementor-widget-divider\" data-id=\"1e908de\" data-element_type=\"widget\" data-e-type=\"widget\" data-settings=\"{&quot;_animation&quot;:&quot;fadeIn&quot;}\" data-widget_type=\"divider.default\">\n\t\t\t\t<div class=\"elementor-widget-container\">\n\t\t\t\t\t\t\t<div class=\"elementor-divider\">\n\t\t\t<span class=\"elementor-divider-separator\">\n\t\t\t\t\t\t<\/span>\n\t\t<\/div>\n\t\t\t\t\t\t<\/div>\n\t\t\t\t<\/div>\n\t\t\t\t\t<\/div>\n\t\t<\/div>\n\t\t\t\t\t<\/div>\n\t\t<\/section>\n\t\t\t\t<section class=\"elementor-section elementor-top-section elementor-element elementor-element-960b459 elementor-section-boxed elementor-section-height-default elementor-section-height-default\" data-id=\"960b459\" data-element_type=\"section\" data-e-type=\"section\" data-settings=\"{&quot;background_background&quot;:&quot;classic&quot;}\">\n\t\t\t\t\t\t<div class=\"elementor-container elementor-column-gap-default\">\n\t\t\t\t\t<div class=\"elementor-column elementor-col-25 elementor-top-column elementor-element elementor-element-0eabcf6\" data-id=\"0eabcf6\" data-element_type=\"column\" data-e-type=\"column\">\n\t\t\t<div class=\"elementor-widget-wrap elementor-element-populated\">\n\t\t\t\t\t\t<div class=\"elementor-element elementor-element-e9702a1 elementor-view-default elementor-widget elementor-widget-icon\" data-id=\"e9702a1\" data-element_type=\"widget\" data-e-type=\"widget\" data-widget_type=\"icon.default\">\n\t\t\t\t<div class=\"elementor-widget-container\">\n\t\t\t\t\t\t\t<div class=\"elementor-icon-wrapper\">\n\t\t\t<div class=\"elementor-icon\">\n\t\t\t<i aria-hidden=\"true\" class=\"fas fa-home\"><\/i>\t\t\t<\/div>\n\t\t<\/div>\n\t\t\t\t\t\t<\/div>\n\t\t\t\t<\/div>\n\t\t\t\t\t<\/div>\n\t\t<\/div>\n\t\t\t\t<div class=\"elementor-column elementor-col-25 elementor-top-column elementor-element elementor-element-a49ceb5\" data-id=\"a49ceb5\" data-element_type=\"column\" data-e-type=\"column\">\n\t\t\t<div class=\"elementor-widget-wrap elementor-element-populated\">\n\t\t\t\t\t\t<div class=\"elementor-element elementor-element-e7a2dd0 elementor-widget elementor-widget-text-editor\" data-id=\"e7a2dd0\" data-element_type=\"widget\" data-e-type=\"widget\" data-widget_type=\"text-editor.default\">\n\t\t\t\t<div class=\"elementor-widget-container\">\n\t\t\t\t\t\t\t\t\t<p style=\"text-align: center;\"><strong>R\u00e9novation compl\u00e8te d&rsquo;une cuisine, salon-salle \u00e0 manger <br \/><\/strong><\/p>\t\t\t\t\t\t\t\t<\/div>\n\t\t\t\t<\/div>\n\t\t\t\t\t<\/div>\n\t\t<\/div>\n\t\t\t\t<div class=\"elementor-column elementor-col-25 elementor-top-column elementor-element elementor-element-de55e19\" data-id=\"de55e19\" data-element_type=\"column\" data-e-type=\"column\">\n\t\t\t<div class=\"elementor-widget-wrap elementor-element-populated\">\n\t\t\t\t\t\t<div class=\"elementor-element elementor-element-695b0ea elementor-view-default elementor-widget elementor-widget-icon\" data-id=\"695b0ea\" data-element_type=\"widget\" data-e-type=\"widget\" data-widget_type=\"icon.default\">\n\t\t\t\t<div class=\"elementor-widget-container\">\n\t\t\t\t\t\t\t<div class=\"elementor-icon-wrapper\">\n\t\t\t<div class=\"elementor-icon\">\n\t\t\t<i aria-hidden=\"true\" class=\"fas fa-map-marker-alt\"><\/i>\t\t\t<\/div>\n\t\t<\/div>\n\t\t\t\t\t\t<\/div>\n\t\t\t\t<\/div>\n\t\t\t\t\t<\/div>\n\t\t<\/div>\n\t\t\t\t<div class=\"elementor-column elementor-col-25 elementor-top-column elementor-element elementor-element-0fbba64\" data-id=\"0fbba64\" data-element_type=\"column\" data-e-type=\"column\">\n\t\t\t<div class=\"elementor-widget-wrap elementor-element-populated\">\n\t\t\t\t\t\t<div class=\"elementor-element elementor-element-367dc0d elementor-widget elementor-widget-text-editor\" data-id=\"367dc0d\" data-element_type=\"widget\" data-e-type=\"widget\" data-widget_type=\"text-editor.default\">\n\t\t\t\t<div class=\"elementor-widget-container\">\n\t\t\t\t\t\t\t\t\t<p style=\"text-align: left;\"><strong>Pamiers (09)<br \/><\/strong><\/p>\t\t\t\t\t\t\t\t<\/div>\n\t\t\t\t<\/div>\n\t\t\t\t\t<\/div>\n\t\t<\/div>\n\t\t\t\t\t<\/div>\n\t\t<\/section>\n\t\t\t\t<section class=\"elementor-section elementor-top-section elementor-element elementor-element-799182e elementor-section-boxed elementor-section-height-default elementor-section-height-default\" data-id=\"799182e\" data-element_type=\"section\" data-e-type=\"section\" data-settings=\"{&quot;background_background&quot;:&quot;classic&quot;}\">\n\t\t\t\t\t\t<div class=\"elementor-container elementor-column-gap-default\">\n\t\t\t\t\t<div class=\"elementor-column elementor-col-33 elementor-top-column elementor-element elementor-element-c6fd37f\" data-id=\"c6fd37f\" data-element_type=\"column\" data-e-type=\"column\">\n\t\t\t<div class=\"elementor-widget-wrap\">\n\t\t\t\t\t\t\t<\/div>\n\t\t<\/div>\n\t\t\t\t<div class=\"elementor-column elementor-col-33 elementor-top-column elementor-element elementor-element-430ac5c\" data-id=\"430ac5c\" data-element_type=\"column\" data-e-type=\"column\">\n\t\t\t<div class=\"elementor-widget-wrap elementor-element-populated\">\n\t\t\t\t\t\t<div class=\"elementor-element elementor-element-c6ea7de elementor-widget elementor-widget-text-editor\" data-id=\"c6ea7de\" data-element_type=\"widget\" data-e-type=\"widget\" data-settings=\"{&quot;_animation&quot;:&quot;none&quot;}\" data-widget_type=\"text-editor.default\">\n\t\t\t\t<div class=\"elementor-widget-container\">\n\t\t\t\t\t\t\t\t\t<p>Ma cliente souhaitait donner un grand coup de jeune \u00e0 son int\u00e9rieur et surtout ne souhaitait plus avoir une cuisine ferm\u00e9e sans ouverture sur son salon et sur sa salle \u00e0 manger. <br \/>Cependant l\u2019ouverture du mur mitoyen entre la cuisine et l\u2019espace salon\/salle \u00e0 manger impliquait d\u2019inverser toute la cuisine et notamment les arriv\u00e9es et \u00e9vacuations plomberie\u2026.<strong>mais rien n\u2019est impossible\u00a0!!<\/strong><\/p>\t\t\t\t\t\t\t\t<\/div>\n\t\t\t\t<\/div>\n\t\t\t\t\t<\/div>\n\t\t<\/div>\n\t\t\t\t<div class=\"elementor-column elementor-col-33 elementor-top-column elementor-element elementor-element-0448d89\" data-id=\"0448d89\" data-element_type=\"column\" data-e-type=\"column\">\n\t\t\t<div class=\"elementor-widget-wrap\">\n\t\t\t\t\t\t\t<\/div>\n\t\t<\/div>\n\t\t\t\t\t<\/div>\n\t\t<\/section>\n\t\t\t\t<section class=\"elementor-section elementor-top-section elementor-element elementor-element-7692a68 elementor-section-boxed elementor-section-height-default elementor-section-height-default\" data-id=\"7692a68\" data-element_type=\"section\" data-e-type=\"section\" data-settings=\"{&quot;background_background&quot;:&quot;classic&quot;}\">\n\t\t\t\t\t\t<div class=\"elementor-container elementor-column-gap-default\">\n\t\t\t\t\t<div class=\"elementor-column elementor-col-50 elementor-top-column elementor-element elementor-element-8a8afdd\" data-id=\"8a8afdd\" data-element_type=\"column\" data-e-type=\"column\">\n\t\t\t<div class=\"elementor-widget-wrap elementor-element-populated\">\n\t\t\t\t\t\t<div class=\"elementor-element elementor-element-564a76d elementor-arrows-position-inside elementor-pagination-position-outside elementor-widget elementor-widget-image-carousel\" data-id=\"564a76d\" data-element_type=\"widget\" data-e-type=\"widget\" data-settings=\"{&quot;slides_to_show&quot;:&quot;1&quot;,&quot;navigation&quot;:&quot;both&quot;,&quot;autoplay&quot;:&quot;yes&quot;,&quot;pause_on_hover&quot;:&quot;yes&quot;,&quot;pause_on_interaction&quot;:&quot;yes&quot;,&quot;autoplay_speed&quot;:5000,&quot;infinite&quot;:&quot;yes&quot;,&quot;effect&quot;:&quot;slide&quot;,&quot;speed&quot;:500}\" data-widget_type=\"image-carousel.default\">\n\t\t\t\t<div class=\"elementor-widget-container\">\n\t\t\t\t\t\t\t<div class=\"elementor-image-carousel-wrapper swiper\" role=\"region\" aria-roledescription=\"carousel\" aria-label=\"Carrousel d\u2019images\" dir=\"ltr\">\n\t\t\t<div class=\"elementor-image-carousel swiper-wrapper\" aria-live=\"off\">\n\t\t\t\t\t\t\t\t<div class=\"swiper-slide\" role=\"group\" aria-roledescription=\"slide\" aria-label=\"1 sur 7\"><figure class=\"swiper-slide-inner\"><img decoding=\"async\" class=\"swiper-slide-image\" src=\"https:\/\/www.sublimesinterieurs.com\/wp-content\/uploads\/2024\/02\/Renovation-interieure-Pamiers-1024x683.jpg\" alt=\"R\u00e9novation int\u00e9rieure Pamiers\" \/><figcaption class=\"elementor-image-carousel-caption\">AVANT<\/figcaption><\/figure><\/div><div class=\"swiper-slide\" role=\"group\" aria-roledescription=\"slide\" aria-label=\"2 sur 7\"><figure class=\"swiper-slide-inner\"><img decoding=\"async\" class=\"swiper-slide-image\" src=\"https:\/\/www.sublimesinterieurs.com\/wp-content\/uploads\/2024\/02\/Renovation-interieure-Pamiers-1-1024x683.jpg\" alt=\"R\u00e9novation int\u00e9rieure Pamiers\" \/><figcaption class=\"elementor-image-carousel-caption\">AVANT<\/figcaption><\/figure><\/div><div class=\"swiper-slide\" role=\"group\" aria-roledescription=\"slide\" aria-label=\"3 sur 7\"><figure class=\"swiper-slide-inner\"><img decoding=\"async\" class=\"swiper-slide-image\" src=\"https:\/\/www.sublimesinterieurs.com\/wp-content\/uploads\/2024\/02\/Renovation-interieure-Pamiers-2-1024x683.jpg\" alt=\"R\u00e9novation int\u00e9rieure Pamiers\" \/><figcaption class=\"elementor-image-carousel-caption\">AVANT<\/figcaption><\/figure><\/div><div class=\"swiper-slide\" role=\"group\" aria-roledescription=\"slide\" aria-label=\"4 sur 7\"><figure class=\"swiper-slide-inner\"><img decoding=\"async\" class=\"swiper-slide-image\" src=\"https:\/\/www.sublimesinterieurs.com\/wp-content\/uploads\/2024\/02\/Renovation-interieure-Pamiers-3-1024x683.jpg\" alt=\"R\u00e9novation int\u00e9rieure Pamiers\" \/><figcaption class=\"elementor-image-carousel-caption\">AVANT<\/figcaption><\/figure><\/div><div class=\"swiper-slide\" role=\"group\" aria-roledescription=\"slide\" aria-label=\"5 sur 7\"><figure class=\"swiper-slide-inner\"><img decoding=\"async\" class=\"swiper-slide-image\" src=\"https:\/\/www.sublimesinterieurs.com\/wp-content\/uploads\/2024\/02\/Renovation-interieure-Pamiers-4-1024x683.jpg\" alt=\"R\u00e9novation int\u00e9rieure Pamiers\" \/><figcaption class=\"elementor-image-carousel-caption\">AVANT<\/figcaption><\/figure><\/div><div class=\"swiper-slide\" role=\"group\" aria-roledescription=\"slide\" aria-label=\"6 sur 7\"><figure class=\"swiper-slide-inner\"><img decoding=\"async\" class=\"swiper-slide-image\" src=\"https:\/\/www.sublimesinterieurs.com\/wp-content\/uploads\/2024\/02\/Renovation-interieure-Pamiers-5-1024x683.jpg\" alt=\"R\u00e9novation int\u00e9rieure Pamiers\" \/><figcaption class=\"elementor-image-carousel-caption\">AVANT<\/figcaption><\/figure><\/div><div class=\"swiper-slide\" role=\"group\" aria-roledescription=\"slide\" aria-label=\"7 sur 7\"><figure class=\"swiper-slide-inner\"><img decoding=\"async\" class=\"swiper-slide-image\" src=\"https:\/\/www.sublimesinterieurs.com\/wp-content\/uploads\/2024\/02\/Renovation-interieure-Pamiers-6-1024x683.jpg\" alt=\"R\u00e9novation int\u00e9rieure Pamiers\" \/><figcaption class=\"elementor-image-carousel-caption\">AVANT<\/figcaption><\/figure><\/div>\t\t\t<\/div>\n\t\t\t\t\t\t\t\t\t\t\t\t<div class=\"elementor-swiper-button elementor-swiper-button-prev\" role=\"button\" tabindex=\"0\">\n\t\t\t\t\t\t<i aria-hidden=\"true\" class=\"eicon-chevron-left\"><\/i>\t\t\t\t\t<\/div>\n\t\t\t\t\t<div class=\"elementor-swiper-button elementor-swiper-button-next\" role=\"button\" tabindex=\"0\">\n\t\t\t\t\t\t<i aria-hidden=\"true\" class=\"eicon-chevron-right\"><\/i>\t\t\t\t\t<\/div>\n\t\t\t\t\n\t\t\t\t\t\t\t\t\t<div class=\"swiper-pagination\"><\/div>\n\t\t\t\t\t\t\t\t\t<\/div>\n\t\t\t\t\t\t<\/div>\n\t\t\t\t<\/div>\n\t\t\t\t\t<\/div>\n\t\t<\/div>\n\t\t\t\t<div class=\"elementor-column elementor-col-50 elementor-top-column elementor-element elementor-element-d38327e\" data-id=\"d38327e\" data-element_type=\"column\" data-e-type=\"column\">\n\t\t\t<div class=\"elementor-widget-wrap elementor-element-populated\">\n\t\t\t\t\t\t<div class=\"elementor-element elementor-element-bdd6e23 elementor-arrows-position-inside elementor-pagination-position-outside elementor-widget elementor-widget-image-carousel\" data-id=\"bdd6e23\" data-element_type=\"widget\" data-e-type=\"widget\" data-settings=\"{&quot;slides_to_show&quot;:&quot;1&quot;,&quot;navigation&quot;:&quot;both&quot;,&quot;autoplay&quot;:&quot;yes&quot;,&quot;pause_on_hover&quot;:&quot;yes&quot;,&quot;pause_on_interaction&quot;:&quot;yes&quot;,&quot;autoplay_speed&quot;:5000,&quot;infinite&quot;:&quot;yes&quot;,&quot;effect&quot;:&quot;slide&quot;,&quot;speed&quot;:500}\" data-widget_type=\"image-carousel.default\">\n\t\t\t\t<div class=\"elementor-widget-container\">\n\t\t\t\t\t\t\t<div class=\"elementor-image-carousel-wrapper swiper\" role=\"region\" aria-roledescription=\"carousel\" aria-label=\"Carrousel d\u2019images\" dir=\"rtl\">\n\t\t\t<div class=\"elementor-image-carousel swiper-wrapper\" aria-live=\"off\">\n\t\t\t\t\t\t\t\t<div class=\"swiper-slide\" role=\"group\" aria-roledescription=\"slide\" aria-label=\"1 sur 9\"><figure class=\"swiper-slide-inner\"><img decoding=\"async\" class=\"swiper-slide-image\" src=\"https:\/\/www.sublimesinterieurs.com\/wp-content\/uploads\/2024\/02\/Renovation-interieure-Pamiers-30-768x512.jpg\" alt=\"R\u00e9novation int\u00e9rieure Pamiers\" \/><figcaption class=\"elementor-image-carousel-caption\">APR\u00c8S <\/figcaption><\/figure><\/div><div class=\"swiper-slide\" role=\"group\" aria-roledescription=\"slide\" aria-label=\"2 sur 9\"><figure class=\"swiper-slide-inner\"><img decoding=\"async\" class=\"swiper-slide-image\" src=\"https:\/\/www.sublimesinterieurs.com\/wp-content\/uploads\/2024\/02\/Renovation-interieure-Pamiers-34-768x512.jpg\" alt=\"R\u00e9novation int\u00e9rieure Pamiers\" \/><figcaption class=\"elementor-image-carousel-caption\">APR\u00c8S <\/figcaption><\/figure><\/div><div class=\"swiper-slide\" role=\"group\" aria-roledescription=\"slide\" aria-label=\"3 sur 9\"><figure class=\"swiper-slide-inner\"><img decoding=\"async\" class=\"swiper-slide-image\" src=\"https:\/\/www.sublimesinterieurs.com\/wp-content\/uploads\/2024\/02\/Renovation-interieure-Pamiers-33-768x512.jpg\" alt=\"R\u00e9novation int\u00e9rieure Pamiers\" \/><figcaption class=\"elementor-image-carousel-caption\">APR\u00c8S <\/figcaption><\/figure><\/div><div class=\"swiper-slide\" role=\"group\" aria-roledescription=\"slide\" aria-label=\"4 sur 9\"><figure class=\"swiper-slide-inner\"><img decoding=\"async\" class=\"swiper-slide-image\" src=\"https:\/\/www.sublimesinterieurs.com\/wp-content\/uploads\/2024\/02\/Renovation-interieure-Pamiers-35-768x512.jpg\" alt=\"R\u00e9novation int\u00e9rieure Pamiers\" \/><figcaption class=\"elementor-image-carousel-caption\">APR\u00c8S <\/figcaption><\/figure><\/div><div class=\"swiper-slide\" role=\"group\" aria-roledescription=\"slide\" aria-label=\"5 sur 9\"><figure class=\"swiper-slide-inner\"><img decoding=\"async\" class=\"swiper-slide-image\" src=\"https:\/\/www.sublimesinterieurs.com\/wp-content\/uploads\/2024\/02\/Renovation-interieure-Pamiers-36-768x512.jpg\" alt=\"R\u00e9novation int\u00e9rieure Pamiers\" \/><figcaption class=\"elementor-image-carousel-caption\">APR\u00c8S <\/figcaption><\/figure><\/div><div class=\"swiper-slide\" role=\"group\" aria-roledescription=\"slide\" aria-label=\"6 sur 9\"><figure class=\"swiper-slide-inner\"><img decoding=\"async\" class=\"swiper-slide-image\" src=\"https:\/\/www.sublimesinterieurs.com\/wp-content\/uploads\/2024\/02\/Renovation-interieure-Pamiers-31-768x512.jpg\" alt=\"R\u00e9novation int\u00e9rieure Pamiers\" \/><figcaption class=\"elementor-image-carousel-caption\">APR\u00c8S <\/figcaption><\/figure><\/div><div class=\"swiper-slide\" role=\"group\" aria-roledescription=\"slide\" aria-label=\"7 sur 9\"><figure class=\"swiper-slide-inner\"><img decoding=\"async\" class=\"swiper-slide-image\" src=\"https:\/\/www.sublimesinterieurs.com\/wp-content\/uploads\/2024\/02\/Renovation-interieure-Pamiers-32-768x512.jpg\" alt=\"R\u00e9novation int\u00e9rieure Pamiers\" \/><figcaption class=\"elementor-image-carousel-caption\">APR\u00c8S <\/figcaption><\/figure><\/div><div class=\"swiper-slide\" role=\"group\" aria-roledescription=\"slide\" aria-label=\"8 sur 9\"><figure class=\"swiper-slide-inner\"><img decoding=\"async\" class=\"swiper-slide-image\" src=\"https:\/\/www.sublimesinterieurs.com\/wp-content\/uploads\/2024\/02\/Renovation-interieure-Pamiers-37-768x512.jpg\" alt=\"R\u00e9novation int\u00e9rieure Pamiers\" \/><figcaption class=\"elementor-image-carousel-caption\">APR\u00c8S <\/figcaption><\/figure><\/div><div class=\"swiper-slide\" role=\"group\" aria-roledescription=\"slide\" aria-label=\"9 sur 9\"><figure class=\"swiper-slide-inner\"><img decoding=\"async\" class=\"swiper-slide-image\" src=\"https:\/\/www.sublimesinterieurs.com\/wp-content\/uploads\/2024\/02\/Renovation-interieure-Pamiers-38-768x512.jpg\" alt=\"R\u00e9novation int\u00e9rieure Pamiers\" \/><figcaption class=\"elementor-image-carousel-caption\">APR\u00c8S <\/figcaption><\/figure><\/div>\t\t\t<\/div>\n\t\t\t\t\t\t\t\t\t\t\t\t<div class=\"elementor-swiper-button elementor-swiper-button-prev\" role=\"button\" tabindex=\"0\">\n\t\t\t\t\t\t<i aria-hidden=\"true\" class=\"eicon-chevron-left\"><\/i>\t\t\t\t\t<\/div>\n\t\t\t\t\t<div class=\"elementor-swiper-button elementor-swiper-button-next\" role=\"button\" tabindex=\"0\">\n\t\t\t\t\t\t<i aria-hidden=\"true\" class=\"eicon-chevron-right\"><\/i>\t\t\t\t\t<\/div>\n\t\t\t\t\n\t\t\t\t\t\t\t\t\t<div class=\"swiper-pagination\"><\/div>\n\t\t\t\t\t\t\t\t\t<\/div>\n\t\t\t\t\t\t<\/div>\n\t\t\t\t<\/div>\n\t\t\t\t\t<\/div>\n\t\t<\/div>\n\t\t\t\t\t<\/div>\n\t\t<\/section>\n\t\t\t\t<section class=\"elementor-section elementor-top-section elementor-element elementor-element-ae5b82c elementor-section-boxed elementor-section-height-default elementor-section-height-default\" data-id=\"ae5b82c\" data-element_type=\"section\" data-e-type=\"section\">\n\t\t\t\t\t\t<div class=\"elementor-container elementor-column-gap-default\">\n\t\t\t\t\t<div class=\"elementor-column elementor-col-100 elementor-top-column elementor-element elementor-element-9c51643\" data-id=\"9c51643\" data-element_type=\"column\" data-e-type=\"column\">\n\t\t\t<div class=\"elementor-widget-wrap elementor-element-populated\">\n\t\t\t\t\t\t<div class=\"elementor-element elementor-element-c1da930 elementor-widget elementor-widget-spacer\" data-id=\"c1da930\" data-element_type=\"widget\" data-e-type=\"widget\" data-widget_type=\"spacer.default\">\n\t\t\t\t<div class=\"elementor-widget-container\">\n\t\t\t\t\t\t\t<div class=\"elementor-spacer\">\n\t\t\t<div class=\"elementor-spacer-inner\"><\/div>\n\t\t<\/div>\n\t\t\t\t\t\t<\/div>\n\t\t\t\t<\/div>\n\t\t\t\t\t<\/div>\n\t\t<\/div>\n\t\t\t\t\t<\/div>\n\t\t<\/section>\n\t\t\t\t<section class=\"elementor-section elementor-top-section elementor-element elementor-element-d65a5c6 elementor-section-boxed elementor-section-height-default elementor-section-height-default\" data-id=\"d65a5c6\" data-element_type=\"section\" data-e-type=\"section\">\n\t\t\t\t\t\t<div class=\"elementor-container elementor-column-gap-default\">\n\t\t\t\t\t<div class=\"elementor-column elementor-col-100 elementor-top-column elementor-element elementor-element-4aacbc9\" data-id=\"4aacbc9\" data-element_type=\"column\" data-e-type=\"column\">\n\t\t\t<div class=\"elementor-widget-wrap elementor-element-populated\">\n\t\t\t\t\t\t<div class=\"elementor-element elementor-element-a2ae6d0 elementor-invisible elementor-widget elementor-widget-heading\" data-id=\"a2ae6d0\" data-element_type=\"widget\" data-e-type=\"widget\" data-settings=\"{&quot;_animation&quot;:&quot;fadeIn&quot;}\" data-widget_type=\"heading.default\">\n\t\t\t\t<div class=\"elementor-widget-container\">\n\t\t\t\t\t<h2 class=\"elementor-heading-title elementor-size-default\">CAHIER DES CHARGES<\/h2>\t\t\t\t<\/div>\n\t\t\t\t<\/div>\n\t\t\t\t<div class=\"elementor-element elementor-element-8bfc064 elementor-widget-divider--view-line elementor-invisible elementor-widget elementor-widget-divider\" data-id=\"8bfc064\" data-element_type=\"widget\" data-e-type=\"widget\" data-settings=\"{&quot;_animation&quot;:&quot;fadeIn&quot;}\" data-widget_type=\"divider.default\">\n\t\t\t\t<div class=\"elementor-widget-container\">\n\t\t\t\t\t\t\t<div class=\"elementor-divider\">\n\t\t\t<span class=\"elementor-divider-separator\">\n\t\t\t\t\t\t<\/span>\n\t\t<\/div>\n\t\t\t\t\t\t<\/div>\n\t\t\t\t<\/div>\n\t\t\t\t\t<\/div>\n\t\t<\/div>\n\t\t\t\t\t<\/div>\n\t\t<\/section>\n\t\t\t\t<section class=\"elementor-section elementor-top-section elementor-element elementor-element-f748622 elementor-section-boxed elementor-section-height-default elementor-section-height-default\" data-id=\"f748622\" data-element_type=\"section\" data-e-type=\"section\">\n\t\t\t\t\t\t<div class=\"elementor-container elementor-column-gap-default\">\n\t\t\t\t\t<div class=\"elementor-column elementor-col-50 elementor-top-column elementor-element elementor-element-eb53f01\" data-id=\"eb53f01\" data-element_type=\"column\" data-e-type=\"column\">\n\t\t\t<div class=\"elementor-widget-wrap elementor-element-populated\">\n\t\t\t\t\t\t<div class=\"elementor-element elementor-element-034efa8 elementor-widget elementor-widget-image\" data-id=\"034efa8\" data-element_type=\"widget\" data-e-type=\"widget\" data-widget_type=\"image.default\">\n\t\t\t\t<div class=\"elementor-widget-container\">\n\t\t\t\t\t\t\t\t\t\t\t\t\t\t\t<img fetchpriority=\"high\" decoding=\"async\" width=\"525\" height=\"350\" src=\"https:\/\/www.sublimesinterieurs.com\/wp-content\/uploads\/2024\/02\/Renovation-interieure-Pamiers-39-768x512.jpg\" class=\"attachment-medium_large size-medium_large wp-image-1245\" alt=\"R\u00e9novation int\u00e9rieure Pamiers\" srcset=\"https:\/\/www.sublimesinterieurs.com\/wp-content\/uploads\/2024\/02\/Renovation-interieure-Pamiers-39-768x512.jpg 768w, https:\/\/www.sublimesinterieurs.com\/wp-content\/uploads\/2024\/02\/Renovation-interieure-Pamiers-39-300x200.jpg 300w, https:\/\/www.sublimesinterieurs.com\/wp-content\/uploads\/2024\/02\/Renovation-interieure-Pamiers-39-1024x683.jpg 1024w, https:\/\/www.sublimesinterieurs.com\/wp-content\/uploads\/2024\/02\/Renovation-interieure-Pamiers-39-350x234.jpg 350w, https:\/\/www.sublimesinterieurs.com\/wp-content\/uploads\/2024\/02\/Renovation-interieure-Pamiers-39.jpg 1382w\" sizes=\"100vw\" \/>\t\t\t\t\t\t\t\t\t\t\t\t\t\t\t<\/div>\n\t\t\t\t<\/div>\n\t\t\t\t\t<\/div>\n\t\t<\/div>\n\t\t\t\t<div class=\"elementor-column elementor-col-50 elementor-top-column elementor-element elementor-element-0b97b58\" data-id=\"0b97b58\" data-element_type=\"column\" data-e-type=\"column\">\n\t\t\t<div class=\"elementor-widget-wrap elementor-element-populated\">\n\t\t\t\t\t\t<div class=\"elementor-element elementor-element-5e1249e elementor-icon-list--layout-traditional elementor-list-item-link-full_width elementor-invisible elementor-widget elementor-widget-icon-list\" data-id=\"5e1249e\" data-element_type=\"widget\" data-e-type=\"widget\" data-settings=\"{&quot;_animation&quot;:&quot;fadeInRight&quot;}\" data-widget_type=\"icon-list.default\">\n\t\t\t\t<div class=\"elementor-widget-container\">\n\t\t\t\t\t\t\t<ul class=\"elementor-icon-list-items\">\n\t\t\t\t\t\t\t<li class=\"elementor-icon-list-item\">\n\t\t\t\t\t\t\t\t\t\t\t<span class=\"elementor-icon-list-icon\">\n\t\t\t\t\t\t\t<i aria-hidden=\"true\" class=\"fas fa-pencil-ruler\"><\/i>\t\t\t\t\t\t<\/span>\n\t\t\t\t\t\t\t\t\t\t<span class=\"elementor-icon-list-text\">V\u00e9rifier la possibilit\u00e9 d\u2019inverser la cuisine et notamment si nous pouvons tirer les alimentations d\u2019eau et avoir suffisamment de pente pour les \u00e9vacuations<\/span>\n\t\t\t\t\t\t\t\t\t<\/li>\n\t\t\t\t\t\t\t\t<li class=\"elementor-icon-list-item\">\n\t\t\t\t\t\t\t\t\t\t\t<span class=\"elementor-icon-list-icon\">\n\t\t\t\t\t\t\t<i aria-hidden=\"true\" class=\"fas fa-pencil-ruler\"><\/i>\t\t\t\t\t\t<\/span>\n\t\t\t\t\t\t\t\t\t\t<span class=\"elementor-icon-list-text\">Abattre le mur mitoyen (placo) entre la cuisine et le salon actuel<\/span>\n\t\t\t\t\t\t\t\t\t<\/li>\n\t\t\t\t\t\t\t\t<li class=\"elementor-icon-list-item\">\n\t\t\t\t\t\t\t\t\t\t\t<span class=\"elementor-icon-list-icon\">\n\t\t\t\t\t\t\t<i aria-hidden=\"true\" class=\"fas fa-pencil-ruler\"><\/i>\t\t\t\t\t\t<\/span>\n\t\t\t\t\t\t\t\t\t\t<span class=\"elementor-icon-list-text\">Condamner l\u2019ouverture de la porte fen\u00eatre actuelle de la cuisine afin d\u2019avoir un mur complet \u00e0 exploiter pour l\u2019implantation de la cuisine<\/span>\n\t\t\t\t\t\t\t\t\t<\/li>\n\t\t\t\t\t\t\t\t<li class=\"elementor-icon-list-item\">\n\t\t\t\t\t\t\t\t\t\t\t<span class=\"elementor-icon-list-icon\">\n\t\t\t\t\t\t\t<i aria-hidden=\"true\" class=\"fas fa-pencil-ruler\"><\/i>\t\t\t\t\t\t<\/span>\n\t\t\t\t\t\t\t\t\t\t<span class=\"elementor-icon-list-text\">Sous r\u00e9serve de l\u2019accord d\u2019un bureau d\u2019\u00e9tudes structure agrandir l\u2019ouverture porte fen\u00eatre actuelle du salon afin d\u2019avoir une meilleure luminosit\u00e9 et positionner un linteau<\/span>\n\t\t\t\t\t\t\t\t\t<\/li>\n\t\t\t\t\t\t\t\t<li class=\"elementor-icon-list-item\">\n\t\t\t\t\t\t\t\t\t\t\t<span class=\"elementor-icon-list-icon\">\n\t\t\t\t\t\t\t<i aria-hidden=\"true\" class=\"fas fa-pencil-ruler\"><\/i>\t\t\t\t\t\t<\/span>\n\t\t\t\t\t\t\t\t\t\t<span class=\"elementor-icon-list-text\">Changer le rev\u00eatement de sol<\/span>\n\t\t\t\t\t\t\t\t\t<\/li>\n\t\t\t\t\t\t\t\t<li class=\"elementor-icon-list-item\">\n\t\t\t\t\t\t\t\t\t\t\t<span class=\"elementor-icon-list-icon\">\n\t\t\t\t\t\t\t<i aria-hidden=\"true\" class=\"fas fa-pencil-ruler\"><\/i>\t\t\t\t\t\t<\/span>\n\t\t\t\t\t\t\t\t\t\t<span class=\"elementor-icon-list-text\">S\u00e9lection de nouvelles teintes de peintures<\/span>\n\t\t\t\t\t\t\t\t\t<\/li>\n\t\t\t\t\t\t\t\t<li class=\"elementor-icon-list-item\">\n\t\t\t\t\t\t\t\t\t\t\t<span class=\"elementor-icon-list-icon\">\n\t\t\t\t\t\t\t<i aria-hidden=\"true\" class=\"fas fa-pencil-ruler\"><\/i>\t\t\t\t\t\t<\/span>\n\t\t\t\t\t\t\t\t\t\t<span class=\"elementor-icon-list-text\">Poser un papier peint<\/span>\n\t\t\t\t\t\t\t\t\t<\/li>\n\t\t\t\t\t\t\t\t<li class=\"elementor-icon-list-item\">\n\t\t\t\t\t\t\t\t\t\t\t<span class=\"elementor-icon-list-icon\">\n\t\t\t\t\t\t\t<i aria-hidden=\"true\" class=\"fas fa-pencil-ruler\"><\/i>\t\t\t\t\t\t<\/span>\n\t\t\t\t\t\t\t\t\t\t<span class=\"elementor-icon-list-text\">Changer le mobilier \/ luminaires etc<\/span>\n\t\t\t\t\t\t\t\t\t<\/li>\n\t\t\t\t\t\t<\/ul>\n\t\t\t\t\t\t<\/div>\n\t\t\t\t<\/div>\n\t\t\t\t\t<\/div>\n\t\t<\/div>\n\t\t\t\t\t<\/div>\n\t\t<\/section>\n\t\t\t\t<section class=\"elementor-section elementor-top-section elementor-element elementor-element-f69af59 elementor-section-boxed elementor-section-height-default elementor-section-height-default\" data-id=\"f69af59\" data-element_type=\"section\" data-e-type=\"section\" data-settings=\"{&quot;background_background&quot;:&quot;classic&quot;}\">\n\t\t\t\t\t\t<div class=\"elementor-container elementor-column-gap-default\">\n\t\t\t\t\t<div class=\"elementor-column elementor-col-100 elementor-top-column elementor-element elementor-element-ca24059\" data-id=\"ca24059\" data-element_type=\"column\" data-e-type=\"column\">\n\t\t\t<div class=\"elementor-widget-wrap elementor-element-populated\">\n\t\t\t\t\t\t<div class=\"elementor-element elementor-element-9d2a529 elementor-widget elementor-widget-heading\" data-id=\"9d2a529\" data-element_type=\"widget\" data-e-type=\"widget\" data-widget_type=\"heading.default\">\n\t\t\t\t<div class=\"elementor-widget-container\">\n\t\t\t\t\t<h2 class=\"elementor-heading-title elementor-size-default\">LES CORPS DE M\u00c9TIERS IMPLIQU\u00c9S<\/h2>\t\t\t\t<\/div>\n\t\t\t\t<\/div>\n\t\t\t\t<div class=\"elementor-element elementor-element-0a57a5c elementor-widget-divider--view-line elementor-widget elementor-widget-divider\" data-id=\"0a57a5c\" data-element_type=\"widget\" data-e-type=\"widget\" data-widget_type=\"divider.default\">\n\t\t\t\t<div class=\"elementor-widget-container\">\n\t\t\t\t\t\t\t<div class=\"elementor-divider\">\n\t\t\t<span class=\"elementor-divider-separator\">\n\t\t\t\t\t\t<\/span>\n\t\t<\/div>\n\t\t\t\t\t\t<\/div>\n\t\t\t\t<\/div>\n\t\t\t\t\t<\/div>\n\t\t<\/div>\n\t\t\t\t\t<\/div>\n\t\t<\/section>\n\t\t\t\t<section class=\"elementor-section elementor-top-section elementor-element elementor-element-01d496b elementor-section-boxed elementor-section-height-default elementor-section-height-default\" data-id=\"01d496b\" data-element_type=\"section\" data-e-type=\"section\" data-settings=\"{&quot;background_background&quot;:&quot;classic&quot;}\">\n\t\t\t\t\t\t<div class=\"elementor-container elementor-column-gap-default\">\n\t\t\t\t\t<div class=\"elementor-column elementor-col-33 elementor-top-column elementor-element elementor-element-1fbbbf4\" data-id=\"1fbbbf4\" data-element_type=\"column\" data-e-type=\"column\">\n\t\t\t<div class=\"elementor-widget-wrap elementor-element-populated\">\n\t\t\t\t\t\t<div class=\"elementor-element elementor-element-7e7cf0b elementor-position-top elementor-invisible elementor-widget elementor-widget-image-box\" data-id=\"7e7cf0b\" data-element_type=\"widget\" data-e-type=\"widget\" data-settings=\"{&quot;_animation&quot;:&quot;fadeInUp&quot;}\" data-widget_type=\"image-box.default\">\n\t\t\t\t<div class=\"elementor-widget-container\">\n\t\t\t\t\t<div class=\"elementor-image-box-wrapper\"><figure class=\"elementor-image-box-img\"><img decoding=\"async\" width=\"500\" height=\"500\" src=\"https:\/\/www.sublimesinterieurs.com\/wp-content\/uploads\/2024\/02\/Macon.png\" class=\"elementor-animation-grow attachment-full size-full wp-image-1246\" alt=\"Ma\u00e7on\" srcset=\"https:\/\/www.sublimesinterieurs.com\/wp-content\/uploads\/2024\/02\/Macon.png 500w, https:\/\/www.sublimesinterieurs.com\/wp-content\/uploads\/2024\/02\/Macon-300x300.png 300w, https:\/\/www.sublimesinterieurs.com\/wp-content\/uploads\/2024\/02\/Macon-150x150.png 150w, https:\/\/www.sublimesinterieurs.com\/wp-content\/uploads\/2024\/02\/Macon-100x100.png 100w, https:\/\/www.sublimesinterieurs.com\/wp-content\/uploads\/2024\/02\/Macon-350x350.png 350w\" sizes=\"(max-width: 500px) 100vw, 500px\" \/><\/figure><div class=\"elementor-image-box-content\"><h3 class=\"elementor-image-box-title\">Un Ma\u00e7on<\/h3><p class=\"elementor-image-box-description\">Ouverture dans mur porteur et condamnation porte fen\u00eatre de la cuisine<\/p><\/div><\/div>\t\t\t\t<\/div>\n\t\t\t\t<\/div>\n\t\t\t\t\t<\/div>\n\t\t<\/div>\n\t\t\t\t<div class=\"elementor-column elementor-col-33 elementor-top-column elementor-element elementor-element-c2d5a44\" data-id=\"c2d5a44\" data-element_type=\"column\" data-e-type=\"column\">\n\t\t\t<div class=\"elementor-widget-wrap elementor-element-populated\">\n\t\t\t\t\t\t<div class=\"elementor-element elementor-element-6bb9847 elementor-position-top elementor-invisible elementor-widget elementor-widget-image-box\" data-id=\"6bb9847\" data-element_type=\"widget\" data-e-type=\"widget\" data-settings=\"{&quot;_animation&quot;:&quot;fadeInUp&quot;}\" data-widget_type=\"image-box.default\">\n\t\t\t\t<div class=\"elementor-widget-container\">\n\t\t\t\t\t<div class=\"elementor-image-box-wrapper\"><figure class=\"elementor-image-box-img\"><img decoding=\"async\" width=\"500\" height=\"500\" src=\"https:\/\/www.sublimesinterieurs.com\/wp-content\/uploads\/2024\/02\/Cuisiniste.png\" class=\"elementor-animation-grow attachment-full size-full wp-image-1247\" alt=\"Cuisiniste\" srcset=\"https:\/\/www.sublimesinterieurs.com\/wp-content\/uploads\/2024\/02\/Cuisiniste.png 500w, https:\/\/www.sublimesinterieurs.com\/wp-content\/uploads\/2024\/02\/Cuisiniste-300x300.png 300w, https:\/\/www.sublimesinterieurs.com\/wp-content\/uploads\/2024\/02\/Cuisiniste-150x150.png 150w, https:\/\/www.sublimesinterieurs.com\/wp-content\/uploads\/2024\/02\/Cuisiniste-100x100.png 100w, https:\/\/www.sublimesinterieurs.com\/wp-content\/uploads\/2024\/02\/Cuisiniste-350x350.png 350w\" sizes=\"(max-width: 500px) 100vw, 500px\" \/><\/figure><div class=\"elementor-image-box-content\"><h3 class=\"elementor-image-box-title\">Un cuisinste - Schmidt<\/h3><p class=\"elementor-image-box-description\">Pour l'installation de la cuisine<\/p><\/div><\/div>\t\t\t\t<\/div>\n\t\t\t\t<\/div>\n\t\t\t\t\t<\/div>\n\t\t<\/div>\n\t\t\t\t<div class=\"elementor-column elementor-col-33 elementor-top-column elementor-element elementor-element-75ca57c\" data-id=\"75ca57c\" data-element_type=\"column\" data-e-type=\"column\">\n\t\t\t<div class=\"elementor-widget-wrap elementor-element-populated\">\n\t\t\t\t\t\t<div class=\"elementor-element elementor-element-d27488e elementor-position-top elementor-invisible elementor-widget elementor-widget-image-box\" data-id=\"d27488e\" data-element_type=\"widget\" data-e-type=\"widget\" data-settings=\"{&quot;_animation&quot;:&quot;fadeInUp&quot;}\" data-widget_type=\"image-box.default\">\n\t\t\t\t<div class=\"elementor-widget-container\">\n\t\t\t\t\t<div class=\"elementor-image-box-wrapper\"><figure class=\"elementor-image-box-img\"><img loading=\"lazy\" decoding=\"async\" width=\"500\" height=\"500\" src=\"https:\/\/www.sublimesinterieurs.com\/wp-content\/uploads\/2024\/02\/Electricien.png\" class=\"elementor-animation-grow attachment-full size-full wp-image-1058\" alt=\"Electricien\" srcset=\"https:\/\/www.sublimesinterieurs.com\/wp-content\/uploads\/2024\/02\/Electricien.png 500w, https:\/\/www.sublimesinterieurs.com\/wp-content\/uploads\/2024\/02\/Electricien-300x300.png 300w, https:\/\/www.sublimesinterieurs.com\/wp-content\/uploads\/2024\/02\/Electricien-150x150.png 150w, https:\/\/www.sublimesinterieurs.com\/wp-content\/uploads\/2024\/02\/Electricien-100x100.png 100w, https:\/\/www.sublimesinterieurs.com\/wp-content\/uploads\/2024\/02\/Electricien-350x350.png 350w\" sizes=\"(max-width: 500px) 100vw, 500px\" \/><\/figure><div class=\"elementor-image-box-content\"><h3 class=\"elementor-image-box-title\">Un Electricien<\/h3><p class=\"elementor-image-box-description\">Pour toutes les arriv\u00e9es \u00e9lectriques de la cuisine que ce soit pour les appareils \u00e9lectrom\u00e9nagers que pour les prises et luminaires<\/p><\/div><\/div>\t\t\t\t<\/div>\n\t\t\t\t<\/div>\n\t\t\t\t\t<\/div>\n\t\t<\/div>\n\t\t\t\t\t<\/div>\n\t\t<\/section>\n\t\t\t\t<section class=\"elementor-section elementor-top-section elementor-element elementor-element-bb8100d elementor-section-boxed elementor-section-height-default elementor-section-height-default\" data-id=\"bb8100d\" data-element_type=\"section\" data-e-type=\"section\" data-settings=\"{&quot;background_background&quot;:&quot;classic&quot;}\">\n\t\t\t\t\t\t<div class=\"elementor-container elementor-column-gap-default\">\n\t\t\t\t\t<div class=\"elementor-column elementor-col-25 elementor-top-column elementor-element elementor-element-f04abaf\" data-id=\"f04abaf\" data-element_type=\"column\" data-e-type=\"column\">\n\t\t\t<div class=\"elementor-widget-wrap elementor-element-populated\">\n\t\t\t\t\t\t<div class=\"elementor-element elementor-element-8a63e75 elementor-position-top elementor-invisible elementor-widget elementor-widget-image-box\" data-id=\"8a63e75\" data-element_type=\"widget\" data-e-type=\"widget\" data-settings=\"{&quot;_animation&quot;:&quot;fadeInUp&quot;}\" data-widget_type=\"image-box.default\">\n\t\t\t\t<div class=\"elementor-widget-container\">\n\t\t\t\t\t<div class=\"elementor-image-box-wrapper\"><figure class=\"elementor-image-box-img\"><img loading=\"lazy\" decoding=\"async\" width=\"500\" height=\"500\" src=\"https:\/\/www.sublimesinterieurs.com\/wp-content\/uploads\/2024\/02\/Plombier.png\" class=\"elementor-animation-grow attachment-full size-full wp-image-1062\" alt=\"\" srcset=\"https:\/\/www.sublimesinterieurs.com\/wp-content\/uploads\/2024\/02\/Plombier.png 500w, https:\/\/www.sublimesinterieurs.com\/wp-content\/uploads\/2024\/02\/Plombier-300x300.png 300w, https:\/\/www.sublimesinterieurs.com\/wp-content\/uploads\/2024\/02\/Plombier-150x150.png 150w, https:\/\/www.sublimesinterieurs.com\/wp-content\/uploads\/2024\/02\/Plombier-100x100.png 100w, https:\/\/www.sublimesinterieurs.com\/wp-content\/uploads\/2024\/02\/Plombier-350x350.png 350w\" sizes=\"(max-width: 500px) 100vw, 500px\" \/><\/figure><div class=\"elementor-image-box-content\"><h3 class=\"elementor-image-box-title\">Un Plombier<\/h3><p class=\"elementor-image-box-description\">Pour les nouvelles alimentations eau froide\/ eau chaude et nouvelle \u00e9vacuation de la cuisine\n<\/p><\/div><\/div>\t\t\t\t<\/div>\n\t\t\t\t<\/div>\n\t\t\t\t\t<\/div>\n\t\t<\/div>\n\t\t\t\t<div class=\"elementor-column elementor-col-25 elementor-top-column elementor-element elementor-element-0d5b12e\" data-id=\"0d5b12e\" data-element_type=\"column\" data-e-type=\"column\">\n\t\t\t<div class=\"elementor-widget-wrap elementor-element-populated\">\n\t\t\t\t\t\t<div class=\"elementor-element elementor-element-ab88c79 elementor-position-top elementor-invisible elementor-widget elementor-widget-image-box\" data-id=\"ab88c79\" data-element_type=\"widget\" data-e-type=\"widget\" data-settings=\"{&quot;_animation&quot;:&quot;fadeInUp&quot;}\" data-widget_type=\"image-box.default\">\n\t\t\t\t<div class=\"elementor-widget-container\">\n\t\t\t\t\t<div class=\"elementor-image-box-wrapper\"><figure class=\"elementor-image-box-img\"><img loading=\"lazy\" decoding=\"async\" width=\"500\" height=\"500\" src=\"https:\/\/www.sublimesinterieurs.com\/wp-content\/uploads\/2024\/02\/Peintre.png\" class=\"elementor-animation-grow attachment-full size-full wp-image-1061\" alt=\"Pl\u00e2trier - Peintre\" srcset=\"https:\/\/www.sublimesinterieurs.com\/wp-content\/uploads\/2024\/02\/Peintre.png 500w, https:\/\/www.sublimesinterieurs.com\/wp-content\/uploads\/2024\/02\/Peintre-300x300.png 300w, https:\/\/www.sublimesinterieurs.com\/wp-content\/uploads\/2024\/02\/Peintre-150x150.png 150w, https:\/\/www.sublimesinterieurs.com\/wp-content\/uploads\/2024\/02\/Peintre-100x100.png 100w, https:\/\/www.sublimesinterieurs.com\/wp-content\/uploads\/2024\/02\/Peintre-350x350.png 350w\" sizes=\"(max-width: 500px) 100vw, 500px\" \/><\/figure><div class=\"elementor-image-box-content\"><h3 class=\"elementor-image-box-title\">Un Peintre<\/h3><p class=\"elementor-image-box-description\">Impression et mise en peinture (murs et plafond).\nPose de papier peint\n<\/p><\/div><\/div>\t\t\t\t<\/div>\n\t\t\t\t<\/div>\n\t\t\t\t\t<\/div>\n\t\t<\/div>\n\t\t\t\t<div class=\"elementor-column elementor-col-25 elementor-top-column elementor-element elementor-element-972c0c8\" data-id=\"972c0c8\" data-element_type=\"column\" data-e-type=\"column\">\n\t\t\t<div class=\"elementor-widget-wrap elementor-element-populated\">\n\t\t\t\t\t\t<div class=\"elementor-element elementor-element-090e02c elementor-position-top elementor-invisible elementor-widget elementor-widget-image-box\" data-id=\"090e02c\" data-element_type=\"widget\" data-e-type=\"widget\" data-settings=\"{&quot;_animation&quot;:&quot;fadeInUp&quot;}\" data-widget_type=\"image-box.default\">\n\t\t\t\t<div class=\"elementor-widget-container\">\n\t\t\t\t\t<div class=\"elementor-image-box-wrapper\"><figure class=\"elementor-image-box-img\"><img loading=\"lazy\" decoding=\"async\" width=\"500\" height=\"500\" src=\"https:\/\/www.sublimesinterieurs.com\/wp-content\/uploads\/2024\/02\/Carreleur.png\" class=\"elementor-animation-grow attachment-full size-full wp-image-1056\" alt=\"Carreleur\" srcset=\"https:\/\/www.sublimesinterieurs.com\/wp-content\/uploads\/2024\/02\/Carreleur.png 500w, https:\/\/www.sublimesinterieurs.com\/wp-content\/uploads\/2024\/02\/Carreleur-300x300.png 300w, https:\/\/www.sublimesinterieurs.com\/wp-content\/uploads\/2024\/02\/Carreleur-150x150.png 150w, https:\/\/www.sublimesinterieurs.com\/wp-content\/uploads\/2024\/02\/Carreleur-100x100.png 100w, https:\/\/www.sublimesinterieurs.com\/wp-content\/uploads\/2024\/02\/Carreleur-350x350.png 350w\" sizes=\"(max-width: 500px) 100vw, 500px\" \/><\/figure><div class=\"elementor-image-box-content\"><h3 class=\"elementor-image-box-title\">Un Carreleur<\/h3><p class=\"elementor-image-box-description\">Pr\u00e9paration et pose d\u2019un nouveau carrelage<\/p><\/div><\/div>\t\t\t\t<\/div>\n\t\t\t\t<\/div>\n\t\t\t\t\t<\/div>\n\t\t<\/div>\n\t\t\t\t<div class=\"elementor-column elementor-col-25 elementor-top-column elementor-element elementor-element-0747529\" data-id=\"0747529\" data-element_type=\"column\" data-e-type=\"column\">\n\t\t\t<div class=\"elementor-widget-wrap elementor-element-populated\">\n\t\t\t\t\t\t<div class=\"elementor-element elementor-element-2ec3df3 elementor-position-top elementor-invisible elementor-widget elementor-widget-image-box\" data-id=\"2ec3df3\" data-element_type=\"widget\" data-e-type=\"widget\" data-settings=\"{&quot;_animation&quot;:&quot;fadeInUp&quot;}\" data-widget_type=\"image-box.default\">\n\t\t\t\t<div class=\"elementor-widget-container\">\n\t\t\t\t\t<div class=\"elementor-image-box-wrapper\"><figure class=\"elementor-image-box-img\"><img loading=\"lazy\" decoding=\"async\" width=\"500\" height=\"500\" src=\"https:\/\/www.sublimesinterieurs.com\/wp-content\/uploads\/2024\/02\/Huisseries.png\" class=\"elementor-animation-grow attachment-full size-full wp-image-1160\" alt=\"Huisseries\" srcset=\"https:\/\/www.sublimesinterieurs.com\/wp-content\/uploads\/2024\/02\/Huisseries.png 500w, https:\/\/www.sublimesinterieurs.com\/wp-content\/uploads\/2024\/02\/Huisseries-300x300.png 300w, https:\/\/www.sublimesinterieurs.com\/wp-content\/uploads\/2024\/02\/Huisseries-150x150.png 150w, https:\/\/www.sublimesinterieurs.com\/wp-content\/uploads\/2024\/02\/Huisseries-100x100.png 100w, https:\/\/www.sublimesinterieurs.com\/wp-content\/uploads\/2024\/02\/Huisseries-350x350.png 350w\" sizes=\"(max-width: 500px) 100vw, 500px\" \/><\/figure><div class=\"elementor-image-box-content\"><h3 class=\"elementor-image-box-title\">Poseur d'Huisseries<\/h3><p class=\"elementor-image-box-description\">Pose d\u2019une nouvelle baie vitr\u00e9e dans le salon<\/p><\/div><\/div>\t\t\t\t<\/div>\n\t\t\t\t<\/div>\n\t\t\t\t\t<\/div>\n\t\t<\/div>\n\t\t\t\t\t<\/div>\n\t\t<\/section>\n\t\t\t\t<section class=\"elementor-section elementor-top-section elementor-element elementor-element-dda62ba elementor-section-boxed elementor-section-height-default elementor-section-height-default\" data-id=\"dda62ba\" data-element_type=\"section\" data-e-type=\"section\">\n\t\t\t\t\t\t<div class=\"elementor-container elementor-column-gap-default\">\n\t\t\t\t\t<div class=\"elementor-column elementor-col-100 elementor-top-column elementor-element elementor-element-30c2cab\" data-id=\"30c2cab\" data-element_type=\"column\" data-e-type=\"column\">\n\t\t\t<div class=\"elementor-widget-wrap elementor-element-populated\">\n\t\t\t\t\t\t<div class=\"elementor-element elementor-element-9e741d7 elementor-widget elementor-widget-heading\" data-id=\"9e741d7\" data-element_type=\"widget\" data-e-type=\"widget\" data-widget_type=\"heading.default\">\n\t\t\t\t<div class=\"elementor-widget-container\">\n\t\t\t\t\t<h2 class=\"elementor-heading-title elementor-size-default\">R\u00c9ALISATIONS SIMILAIRES<\/h2>\t\t\t\t<\/div>\n\t\t\t\t<\/div>\n\t\t\t\t<div class=\"elementor-element elementor-element-8873fee elementor-widget-divider--view-line elementor-invisible elementor-widget elementor-widget-divider\" data-id=\"8873fee\" data-element_type=\"widget\" data-e-type=\"widget\" data-settings=\"{&quot;_animation&quot;:&quot;fadeIn&quot;}\" data-widget_type=\"divider.default\">\n\t\t\t\t<div class=\"elementor-widget-container\">\n\t\t\t\t\t\t\t<div class=\"elementor-divider\">\n\t\t\t<span class=\"elementor-divider-separator\">\n\t\t\t\t\t\t<\/span>\n\t\t<\/div>\n\t\t\t\t\t\t<\/div>\n\t\t\t\t<\/div>\n\t\t\t\t\t<\/div>\n\t\t<\/div>\n\t\t\t\t\t<\/div>\n\t\t<\/section>\n\t\t\t\t<section class=\"elementor-section elementor-top-section elementor-element elementor-element-5452f45 elementor-section-boxed elementor-section-height-default elementor-section-height-default\" data-id=\"5452f45\" data-element_type=\"section\" data-e-type=\"section\">\n\t\t\t\t\t\t<div class=\"elementor-container elementor-column-gap-default\">\n\t\t\t\t\t<div class=\"elementor-column elementor-col-33 elementor-top-column elementor-element elementor-element-3d117fb\" data-id=\"3d117fb\" data-element_type=\"column\" data-e-type=\"column\">\n\t\t\t<div class=\"elementor-widget-wrap elementor-element-populated\">\n\t\t\t\t\t\t<div class=\"elementor-element elementor-element-6565919 elementor-widget elementor-widget-image\" data-id=\"6565919\" data-element_type=\"widget\" data-e-type=\"widget\" data-widget_type=\"image.default\">\n\t\t\t\t<div class=\"elementor-widget-container\">\n\t\t\t\t\t\t\t\t\t\t\t\t\t\t\t\t<a href=\"https:\/\/sublimesinterieurs.com\/index.php\/renovation-interieure-cailloux-sur-fontaines\/\">\n\t\t\t\t\t\t\t<img loading=\"lazy\" decoding=\"async\" width=\"525\" height=\"351\" src=\"https:\/\/www.sublimesinterieurs.com\/wp-content\/uploads\/2024\/02\/Renovation-interieure-Cailloux-sur-Fontaine-1-1024x684.jpg\" class=\"attachment-large size-large wp-image-981\" alt=\"R\u00e9novation int\u00e9rieure Cailloux sur Fontaine\" srcset=\"https:\/\/www.sublimesinterieurs.com\/wp-content\/uploads\/2024\/02\/Renovation-interieure-Cailloux-sur-Fontaine-1-1024x684.jpg 1024w, https:\/\/www.sublimesinterieurs.com\/wp-content\/uploads\/2024\/02\/Renovation-interieure-Cailloux-sur-Fontaine-1-300x200.jpg 300w, https:\/\/www.sublimesinterieurs.com\/wp-content\/uploads\/2024\/02\/Renovation-interieure-Cailloux-sur-Fontaine-1-768x513.jpg 768w, https:\/\/www.sublimesinterieurs.com\/wp-content\/uploads\/2024\/02\/Renovation-interieure-Cailloux-sur-Fontaine-1-1536x1025.jpg 1536w, https:\/\/www.sublimesinterieurs.com\/wp-content\/uploads\/2024\/02\/Renovation-interieure-Cailloux-sur-Fontaine-1-2048x1367.jpg 2048w, https:\/\/www.sublimesinterieurs.com\/wp-content\/uploads\/2024\/02\/Renovation-interieure-Cailloux-sur-Fontaine-1-350x234.jpg 350w\" sizes=\"100vw\" \/>\t\t\t\t\t\t\t\t<\/a>\n\t\t\t\t\t\t\t\t\t\t\t\t\t\t\t<\/div>\n\t\t\t\t<\/div>\n\t\t\t\t\t<\/div>\n\t\t<\/div>\n\t\t\t\t<div class=\"elementor-column elementor-col-33 elementor-top-column elementor-element elementor-element-369bf94\" data-id=\"369bf94\" data-element_type=\"column\" data-e-type=\"column\">\n\t\t\t<div class=\"elementor-widget-wrap elementor-element-populated\">\n\t\t\t\t\t\t<div class=\"elementor-element elementor-element-69b1abb elementor-widget elementor-widget-image\" data-id=\"69b1abb\" data-element_type=\"widget\" data-e-type=\"widget\" data-widget_type=\"image.default\">\n\t\t\t\t<div class=\"elementor-widget-container\">\n\t\t\t\t\t\t\t\t\t\t\t\t\t\t\t\t<a href=\"https:\/\/www.sublimesinterieurs.com\/index.php\/renovation-appartement-lyon\/\">\n\t\t\t\t\t\t\t<img loading=\"lazy\" decoding=\"async\" width=\"525\" height=\"350\" src=\"https:\/\/www.sublimesinterieurs.com\/wp-content\/uploads\/2024\/03\/Renovation-appartement-Lyon-7-1024x683.jpg\" class=\"attachment-large size-large wp-image-1724\" alt=\"R\u00e9novation appartement Lyon\" srcset=\"https:\/\/www.sublimesinterieurs.com\/wp-content\/uploads\/2024\/03\/Renovation-appartement-Lyon-7-1024x683.jpg 1024w, https:\/\/www.sublimesinterieurs.com\/wp-content\/uploads\/2024\/03\/Renovation-appartement-Lyon-7-300x200.jpg 300w, https:\/\/www.sublimesinterieurs.com\/wp-content\/uploads\/2024\/03\/Renovation-appartement-Lyon-7-768x512.jpg 768w, https:\/\/www.sublimesinterieurs.com\/wp-content\/uploads\/2024\/03\/Renovation-appartement-Lyon-7-350x234.jpg 350w, https:\/\/www.sublimesinterieurs.com\/wp-content\/uploads\/2024\/03\/Renovation-appartement-Lyon-7.jpg 1382w\" sizes=\"100vw\" \/>\t\t\t\t\t\t\t\t<\/a>\n\t\t\t\t\t\t\t\t\t\t\t\t\t\t\t<\/div>\n\t\t\t\t<\/div>\n\t\t\t\t\t<\/div>\n\t\t<\/div>\n\t\t\t\t<div class=\"elementor-column elementor-col-33 elementor-top-column elementor-element elementor-element-dc33b0e\" data-id=\"dc33b0e\" data-element_type=\"column\" data-e-type=\"column\">\n\t\t\t<div class=\"elementor-widget-wrap elementor-element-populated\">\n\t\t\t\t\t\t<div class=\"elementor-element elementor-element-a2ae5b5 elementor-widget elementor-widget-image\" data-id=\"a2ae5b5\" data-element_type=\"widget\" data-e-type=\"widget\" data-widget_type=\"image.default\">\n\t\t\t\t<div class=\"elementor-widget-container\">\n\t\t\t\t\t\t\t\t\t\t\t\t\t\t\t\t<a href=\"https:\/\/sublimesinterieurs.com\/index.php\/renovation-interieure-corse\/\">\n\t\t\t\t\t\t\t<img loading=\"lazy\" decoding=\"async\" width=\"525\" height=\"350\" src=\"https:\/\/www.sublimesinterieurs.com\/wp-content\/uploads\/2024\/02\/Renovation-interieure-Corse-1-1024x683.jpg\" class=\"attachment-large size-large wp-image-1001\" alt=\"R\u00e9novation int\u00e9rieure Corse\" srcset=\"https:\/\/www.sublimesinterieurs.com\/wp-content\/uploads\/2024\/02\/Renovation-interieure-Corse-1-1024x683.jpg 1024w, https:\/\/www.sublimesinterieurs.com\/wp-content\/uploads\/2024\/02\/Renovation-interieure-Corse-1-300x200.jpg 300w, https:\/\/www.sublimesinterieurs.com\/wp-content\/uploads\/2024\/02\/Renovation-interieure-Corse-1-768x512.jpg 768w, https:\/\/www.sublimesinterieurs.com\/wp-content\/uploads\/2024\/02\/Renovation-interieure-Corse-1-350x234.jpg 350w, https:\/\/www.sublimesinterieurs.com\/wp-content\/uploads\/2024\/02\/Renovation-interieure-Corse-1.jpg 1382w\" sizes=\"100vw\" \/>\t\t\t\t\t\t\t\t<\/a>\n\t\t\t\t\t\t\t\t\t\t\t\t\t\t\t<\/div>\n\t\t\t\t<\/div>\n\t\t\t\t\t<\/div>\n\t\t<\/div>\n\t\t\t\t\t<\/div>\n\t\t<\/section>\n\t\t\t\t<section class=\"elementor-section elementor-top-section elementor-element elementor-element-4251962 elementor-section-boxed elementor-section-height-default elementor-section-height-default\" data-id=\"4251962\" data-element_type=\"section\" data-e-type=\"section\">\n\t\t\t\t\t\t<div class=\"elementor-container elementor-column-gap-default\">\n\t\t\t\t\t<div class=\"elementor-column elementor-col-33 elementor-top-column elementor-element elementor-element-0cfaf8e\" data-id=\"0cfaf8e\" data-element_type=\"column\" data-e-type=\"column\">\n\t\t\t<div class=\"elementor-widget-wrap elementor-element-populated\">\n\t\t\t\t\t\t<div class=\"elementor-element elementor-element-9d20564 elementor-align-center elementor-widget elementor-widget-button\" data-id=\"9d20564\" data-element_type=\"widget\" data-e-type=\"widget\" data-settings=\"{&quot;_animation_mobile&quot;:&quot;fadeInUp&quot;}\" data-widget_type=\"button.default\">\n\t\t\t\t<div class=\"elementor-widget-container\">\n\t\t\t\t\t\t\t\t\t<div class=\"elementor-button-wrapper\">\n\t\t\t\t\t<a class=\"elementor-button elementor-button-link elementor-size-sm elementor-animation-grow\" href=\"https:\/\/sublimesinterieurs.com\/index.php\/renovation-interieure-cailloux-sur-fontaines\/\">\n\t\t\t\t\t\t<span class=\"elementor-button-content-wrapper\">\n\t\t\t\t\t\t\t\t\t<span class=\"elementor-button-text\">RENOVATION INTERIEURE<BR>CAILLOUX SUR FONTAINES<\/span>\n\t\t\t\t\t<\/span>\n\t\t\t\t\t<\/a>\n\t\t\t\t<\/div>\n\t\t\t\t\t\t\t\t<\/div>\n\t\t\t\t<\/div>\n\t\t\t\t\t<\/div>\n\t\t<\/div>\n\t\t\t\t<div class=\"elementor-column elementor-col-33 elementor-top-column elementor-element elementor-element-9c9ae17\" data-id=\"9c9ae17\" data-element_type=\"column\" data-e-type=\"column\">\n\t\t\t<div class=\"elementor-widget-wrap elementor-element-populated\">\n\t\t\t\t\t\t<div class=\"elementor-element elementor-element-abdc4ba elementor-align-center elementor-widget elementor-widget-button\" data-id=\"abdc4ba\" data-element_type=\"widget\" data-e-type=\"widget\" data-settings=\"{&quot;_animation_mobile&quot;:&quot;fadeInUp&quot;}\" data-widget_type=\"button.default\">\n\t\t\t\t<div class=\"elementor-widget-container\">\n\t\t\t\t\t\t\t\t\t<div class=\"elementor-button-wrapper\">\n\t\t\t\t\t<a class=\"elementor-button elementor-button-link elementor-size-sm elementor-animation-grow\" href=\"https:\/\/www.sublimesinterieurs.com\/index.php\/renovation-appartement-lyon\/\">\n\t\t\t\t\t\t<span class=\"elementor-button-content-wrapper\">\n\t\t\t\t\t\t\t\t\t<span class=\"elementor-button-text\">RENOVATION APPARTEMENT<BR>LYON<\/span>\n\t\t\t\t\t<\/span>\n\t\t\t\t\t<\/a>\n\t\t\t\t<\/div>\n\t\t\t\t\t\t\t\t<\/div>\n\t\t\t\t<\/div>\n\t\t\t\t\t<\/div>\n\t\t<\/div>\n\t\t\t\t<div class=\"elementor-column elementor-col-33 elementor-top-column elementor-element elementor-element-072803d\" data-id=\"072803d\" data-element_type=\"column\" data-e-type=\"column\">\n\t\t\t<div class=\"elementor-widget-wrap elementor-element-populated\">\n\t\t\t\t\t\t<div class=\"elementor-element elementor-element-f945dfc elementor-align-center elementor-widget elementor-widget-button\" data-id=\"f945dfc\" data-element_type=\"widget\" data-e-type=\"widget\" data-settings=\"{&quot;_animation_mobile&quot;:&quot;fadeInUp&quot;}\" data-widget_type=\"button.default\">\n\t\t\t\t<div class=\"elementor-widget-container\">\n\t\t\t\t\t\t\t\t\t<div class=\"elementor-button-wrapper\">\n\t\t\t\t\t<a class=\"elementor-button elementor-button-link elementor-size-sm elementor-animation-grow\" href=\"#\">\n\t\t\t\t\t\t<span class=\"elementor-button-content-wrapper\">\n\t\t\t\t\t\t\t\t\t<span class=\"elementor-button-text\">RENOVATION INTERIEURE<BR>BONIFACIO,CORSE<\/span>\n\t\t\t\t\t<\/span>\n\t\t\t\t\t<\/a>\n\t\t\t\t<\/div>\n\t\t\t\t\t\t\t\t<\/div>\n\t\t\t\t<\/div>\n\t\t\t\t\t<\/div>\n\t\t<\/div>\n\t\t\t\t\t<\/div>\n\t\t<\/section>\n\t\t\t\t<section class=\"elementor-section elementor-top-section elementor-element elementor-element-4bc49c5 elementor-section-boxed elementor-section-height-default elementor-section-height-default\" data-id=\"4bc49c5\" data-element_type=\"section\" data-e-type=\"section\">\n\t\t\t\t\t\t<div class=\"elementor-container elementor-column-gap-default\">\n\t\t\t\t\t<div class=\"elementor-column elementor-col-100 elementor-top-column elementor-element elementor-element-2b33504\" data-id=\"2b33504\" data-element_type=\"column\" data-e-type=\"column\">\n\t\t\t<div class=\"elementor-widget-wrap elementor-element-populated\">\n\t\t\t\t\t\t<div class=\"elementor-element elementor-element-0c33566 elementor-widget elementor-widget-spacer\" data-id=\"0c33566\" data-element_type=\"widget\" data-e-type=\"widget\" data-widget_type=\"spacer.default\">\n\t\t\t\t<div class=\"elementor-widget-container\">\n\t\t\t\t\t\t\t<div class=\"elementor-spacer\">\n\t\t\t<div class=\"elementor-spacer-inner\"><\/div>\n\t\t<\/div>\n\t\t\t\t\t\t<\/div>\n\t\t\t\t<\/div>\n\t\t\t\t\t<\/div>\n\t\t<\/div>\n\t\t\t\t\t<\/div>\n\t\t<\/section>\n\t\t\t\t<section class=\"elementor-section elementor-top-section elementor-element elementor-element-40395cf elementor-section-full_width elementor-section-height-default elementor-section-height-default\" data-id=\"40395cf\" data-element_type=\"section\" data-e-type=\"section\" data-settings=\"{&quot;background_background&quot;:&quot;classic&quot;}\">\n\t\t\t\t\t\t<div class=\"elementor-container elementor-column-gap-default\">\n\t\t\t\t\t<div class=\"elementor-column elementor-col-33 elementor-top-column elementor-element elementor-element-a078b8b\" data-id=\"a078b8b\" data-element_type=\"column\" data-e-type=\"column\">\n\t\t\t<div class=\"elementor-widget-wrap\">\n\t\t\t\t\t\t\t<\/div>\n\t\t<\/div>\n\t\t\t\t<div class=\"elementor-column elementor-col-33 elementor-top-column elementor-element elementor-element-e570579\" data-id=\"e570579\" data-element_type=\"column\" data-e-type=\"column\">\n\t\t\t<div class=\"elementor-widget-wrap elementor-element-populated\">\n\t\t\t\t\t\t<div class=\"elementor-element elementor-element-a07e533 elementor-widget elementor-widget-spacer\" data-id=\"a07e533\" data-element_type=\"widget\" data-e-type=\"widget\" data-widget_type=\"spacer.default\">\n\t\t\t\t<div class=\"elementor-widget-container\">\n\t\t\t\t\t\t\t<div class=\"elementor-spacer\">\n\t\t\t<div class=\"elementor-spacer-inner\"><\/div>\n\t\t<\/div>\n\t\t\t\t\t\t<\/div>\n\t\t\t\t<\/div>\n\t\t\t\t<div class=\"elementor-element elementor-element-aa51a40 elementor-invisible elementor-widget elementor-widget-heading\" data-id=\"aa51a40\" data-element_type=\"widget\" data-e-type=\"widget\" data-settings=\"{&quot;_animation&quot;:&quot;fadeIn&quot;}\" data-widget_type=\"heading.default\">\n\t\t\t\t<div class=\"elementor-widget-container\">\n\t\t\t\t\t<h2 class=\"elementor-heading-title elementor-size-default\"><br>Pour rendre vos int\u00e9rieurs<BR>SUBLIMES<br><br><br><\/h2>\t\t\t\t<\/div>\n\t\t\t\t<\/div>\n\t\t\t\t<div class=\"elementor-element elementor-element-a71182f elementor-widget elementor-widget-spacer\" data-id=\"a71182f\" data-element_type=\"widget\" data-e-type=\"widget\" data-widget_type=\"spacer.default\">\n\t\t\t\t<div class=\"elementor-widget-container\">\n\t\t\t\t\t\t\t<div class=\"elementor-spacer\">\n\t\t\t<div class=\"elementor-spacer-inner\"><\/div>\n\t\t<\/div>\n\t\t\t\t\t\t<\/div>\n\t\t\t\t<\/div>\n\t\t\t\t<div class=\"elementor-element elementor-element-fcc71ae elementor-align-center elementor-invisible elementor-widget elementor-widget-button\" data-id=\"fcc71ae\" data-element_type=\"widget\" data-e-type=\"widget\" data-settings=\"{&quot;_animation&quot;:&quot;zoomIn&quot;}\" data-widget_type=\"button.default\">\n\t\t\t\t<div class=\"elementor-widget-container\">\n\t\t\t\t\t\t\t\t\t<div class=\"elementor-button-wrapper\">\n\t\t\t\t\t<a class=\"elementor-button elementor-button-link elementor-size-sm\" href=\"https:\/\/sublimesinterieurs.com\/index.php\/contact\/\">\n\t\t\t\t\t\t<span class=\"elementor-button-content-wrapper\">\n\t\t\t\t\t\t\t\t\t<span class=\"elementor-button-text\">CONTACTEZ-MOI<\/span>\n\t\t\t\t\t<\/span>\n\t\t\t\t\t<\/a>\n\t\t\t\t<\/div>\n\t\t\t\t\t\t\t\t<\/div>\n\t\t\t\t<\/div>\n\t\t\t\t\t<\/div>\n\t\t<\/div>\n\t\t\t\t<div class=\"elementor-column elementor-col-33 elementor-top-column elementor-element elementor-element-e2d4a71\" data-id=\"e2d4a71\" data-element_type=\"column\" data-e-type=\"column\">\n\t\t\t<div class=\"elementor-widget-wrap\">\n\t\t\t\t\t\t\t<\/div>\n\t\t<\/div>\n\t\t\t\t\t<\/div>\n\t\t<\/section>\n\t\t\t\t<\/div>\n\t\t","protected":false},"excerpt":{"rendered":"<p>R\u00c9NOVATION INT\u00c9RIEURE R\u00e9novation compl\u00e8te d&rsquo;une cuisine, salon-salle \u00e0 manger Pamiers (09) Ma cliente souhaitait donner un grand coup de jeune \u00e0 son int\u00e9rieur et surtout ne souhaitait plus avoir une cuisine ferm\u00e9e sans ouverture sur son salon et sur sa salle \u00e0 manger. Cependant l\u2019ouverture du mur mitoyen entre la cuisine et l\u2019espace salon\/salle \u00e0 &hellip; <\/p>\n<p class=\"link-more\"><a href=\"https:\/\/www.sublimesinterieurs.com\/index.php\/renovation-interieure-pamiers-09\/\" class=\"more-link\">Continuer la lecture<span class=\"screen-reader-text\"> de &laquo;&nbsp;R\u00e9novation int\u00e9rieure Pamiers (09)&nbsp;&raquo;<\/span><\/a><\/p>\n","protected":false},"author":1,"featured_media":0,"parent":0,"menu_order":0,"comment_status":"closed","ping_status":"closed","template":"elementor_header_footer","meta":{"_uag_custom_page_level_css":"","footnotes":""},"class_list":["post-1225","page","type-page","status-publish","hentry"],"yoast_head":"<!-- This site is optimized with the Yoast SEO plugin v26.9 - https:\/\/yoast.com\/product\/yoast-seo-wordpress\/ -->\n<title>R\u00e9novation int\u00e9rieure Pamiers (09) - Sublimes Int\u00e9rieurs By C\u00e9line<\/title>\n<meta name=\"robots\" content=\"index, follow, max-snippet:-1, max-image-preview:large, max-video-preview:-1\" \/>\n<link rel=\"canonical\" href=\"https:\/\/www.sublimesinterieurs.com\/index.php\/renovation-interieure-pamiers-09\/\" \/>\n<meta property=\"og:locale\" content=\"fr_FR\" \/>\n<meta property=\"og:type\" content=\"article\" \/>\n<meta property=\"og:title\" content=\"R\u00e9novation int\u00e9rieure Pamiers (09) - Sublimes Int\u00e9rieurs By C\u00e9line\" \/>\n<meta property=\"og:description\" content=\"R\u00c9NOVATION INT\u00c9RIEURE R\u00e9novation compl\u00e8te d&rsquo;une cuisine, salon-salle \u00e0 manger Pamiers (09) Ma cliente souhaitait donner un grand coup de jeune \u00e0 son int\u00e9rieur et surtout ne souhaitait plus avoir une cuisine ferm\u00e9e sans ouverture sur son salon et sur sa salle \u00e0 manger. Cependant l\u2019ouverture du mur mitoyen entre la cuisine et l\u2019espace salon\/salle \u00e0 &hellip; Continuer la lecture de &laquo;&nbsp;R\u00e9novation int\u00e9rieure Pamiers (09)&nbsp;&raquo;\" \/>\n<meta property=\"og:url\" content=\"https:\/\/www.sublimesinterieurs.com\/index.php\/renovation-interieure-pamiers-09\/\" \/>\n<meta property=\"og:site_name\" content=\"Sublimes Int\u00e9rieurs By C\u00e9line\" \/>\n<meta property=\"article:modified_time\" content=\"2024-03-26T18:50:43+00:00\" \/>\n<meta property=\"og:image\" content=\"https:\/\/www.sublimesinterieurs.com\/wp-content\/uploads\/2024\/02\/Renovation-interieure-Pamiers-1024x683.jpg\" \/>\n<meta name=\"twitter:card\" content=\"summary_large_image\" \/>\n<meta name=\"twitter:label1\" content=\"Dur\u00e9e de lecture estim\u00e9e\" \/>\n\t<meta name=\"twitter:data1\" content=\"2 minutes\" \/>\n<script type=\"application\/ld+json\" class=\"yoast-schema-graph\">{\"@context\":\"https:\/\/schema.org\",\"@graph\":[{\"@type\":\"WebPage\",\"@id\":\"https:\/\/www.sublimesinterieurs.com\/index.php\/renovation-interieure-pamiers-09\/\",\"url\":\"https:\/\/www.sublimesinterieurs.com\/index.php\/renovation-interieure-pamiers-09\/\",\"name\":\"R\u00e9novation int\u00e9rieure Pamiers (09) - Sublimes Int\u00e9rieurs By C\u00e9line\",\"isPartOf\":{\"@id\":\"https:\/\/www.sublimesinterieurs.com\/#website\"},\"primaryImageOfPage\":{\"@id\":\"https:\/\/www.sublimesinterieurs.com\/index.php\/renovation-interieure-pamiers-09\/#primaryimage\"},\"image\":{\"@id\":\"https:\/\/www.sublimesinterieurs.com\/index.php\/renovation-interieure-pamiers-09\/#primaryimage\"},\"thumbnailUrl\":\"https:\/\/www.sublimesinterieurs.com\/wp-content\/uploads\/2024\/02\/Renovation-interieure-Pamiers-1024x683.jpg\",\"datePublished\":\"2024-02-09T17:30:17+00:00\",\"dateModified\":\"2024-03-26T18:50:43+00:00\",\"breadcrumb\":{\"@id\":\"https:\/\/www.sublimesinterieurs.com\/index.php\/renovation-interieure-pamiers-09\/#breadcrumb\"},\"inLanguage\":\"fr-FR\",\"potentialAction\":[{\"@type\":\"ReadAction\",\"target\":[\"https:\/\/www.sublimesinterieurs.com\/index.php\/renovation-interieure-pamiers-09\/\"]}]},{\"@type\":\"ImageObject\",\"inLanguage\":\"fr-FR\",\"@id\":\"https:\/\/www.sublimesinterieurs.com\/index.php\/renovation-interieure-pamiers-09\/#primaryimage\",\"url\":\"https:\/\/www.sublimesinterieurs.com\/wp-content\/uploads\/2024\/02\/Renovation-interieure-Pamiers.jpg\",\"contentUrl\":\"https:\/\/www.sublimesinterieurs.com\/wp-content\/uploads\/2024\/02\/Renovation-interieure-Pamiers.jpg\",\"width\":1382,\"height\":922,\"caption\":\"R\u00e9novation int\u00e9rieure Pamiers\"},{\"@type\":\"BreadcrumbList\",\"@id\":\"https:\/\/www.sublimesinterieurs.com\/index.php\/renovation-interieure-pamiers-09\/#breadcrumb\",\"itemListElement\":[{\"@type\":\"ListItem\",\"position\":1,\"name\":\"Accueil\",\"item\":\"https:\/\/www.sublimesinterieurs.com\/\"},{\"@type\":\"ListItem\",\"position\":2,\"name\":\"R\u00e9novation int\u00e9rieure Pamiers (09)\"}]},{\"@type\":\"WebSite\",\"@id\":\"https:\/\/www.sublimesinterieurs.com\/#website\",\"url\":\"https:\/\/www.sublimesinterieurs.com\/\",\"name\":\"Sublimes Int\u00e9rieurs By C\u00e9line\",\"description\":\"Agence d&#039;architecture et de d\u00e9coration d&#039;int\u00e9rieur\",\"publisher\":{\"@id\":\"https:\/\/www.sublimesinterieurs.com\/#organization\"},\"potentialAction\":[{\"@type\":\"SearchAction\",\"target\":{\"@type\":\"EntryPoint\",\"urlTemplate\":\"https:\/\/www.sublimesinterieurs.com\/?s={search_term_string}\"},\"query-input\":{\"@type\":\"PropertyValueSpecification\",\"valueRequired\":true,\"valueName\":\"search_term_string\"}}],\"inLanguage\":\"fr-FR\"},{\"@type\":\"Organization\",\"@id\":\"https:\/\/www.sublimesinterieurs.com\/#organization\",\"name\":\"Sublimes Int\u00e9rieurs By C\u00e9line\",\"url\":\"https:\/\/www.sublimesinterieurs.com\/\",\"logo\":{\"@type\":\"ImageObject\",\"inLanguage\":\"fr-FR\",\"@id\":\"https:\/\/www.sublimesinterieurs.com\/#\/schema\/logo\/image\/\",\"url\":\"https:\/\/www.sublimesinterieurs.com\/wp-content\/uploads\/2019\/03\/cropped-cropped-favicon-1.png\",\"contentUrl\":\"https:\/\/www.sublimesinterieurs.com\/wp-content\/uploads\/2019\/03\/cropped-cropped-favicon-1.png\",\"width\":250,\"height\":250,\"caption\":\"Sublimes Int\u00e9rieurs By C\u00e9line\"},\"image\":{\"@id\":\"https:\/\/www.sublimesinterieurs.com\/#\/schema\/logo\/image\/\"}}]}<\/script>\n<!-- \/ Yoast SEO plugin. -->","yoast_head_json":{"title":"R\u00e9novation int\u00e9rieure Pamiers (09) - Sublimes Int\u00e9rieurs By C\u00e9line","robots":{"index":"index","follow":"follow","max-snippet":"max-snippet:-1","max-image-preview":"max-image-preview:large","max-video-preview":"max-video-preview:-1"},"canonical":"https:\/\/www.sublimesinterieurs.com\/index.php\/renovation-interieure-pamiers-09\/","og_locale":"fr_FR","og_type":"article","og_title":"R\u00e9novation int\u00e9rieure Pamiers (09) - Sublimes Int\u00e9rieurs By C\u00e9line","og_description":"R\u00c9NOVATION INT\u00c9RIEURE R\u00e9novation compl\u00e8te d&rsquo;une cuisine, salon-salle \u00e0 manger Pamiers (09) Ma cliente souhaitait donner un grand coup de jeune \u00e0 son int\u00e9rieur et surtout ne souhaitait plus avoir une cuisine ferm\u00e9e sans ouverture sur son salon et sur sa salle \u00e0 manger. Cependant l\u2019ouverture du mur mitoyen entre la cuisine et l\u2019espace salon\/salle \u00e0 &hellip; Continuer la lecture de &laquo;&nbsp;R\u00e9novation int\u00e9rieure Pamiers (09)&nbsp;&raquo;","og_url":"https:\/\/www.sublimesinterieurs.com\/index.php\/renovation-interieure-pamiers-09\/","og_site_name":"Sublimes Int\u00e9rieurs By C\u00e9line","article_modified_time":"2024-03-26T18:50:43+00:00","og_image":[{"url":"https:\/\/www.sublimesinterieurs.com\/wp-content\/uploads\/2024\/02\/Renovation-interieure-Pamiers-1024x683.jpg","type":"","width":"","height":""}],"twitter_card":"summary_large_image","twitter_misc":{"Dur\u00e9e de lecture estim\u00e9e":"2 minutes"},"schema":{"@context":"https:\/\/schema.org","@graph":[{"@type":"WebPage","@id":"https:\/\/www.sublimesinterieurs.com\/index.php\/renovation-interieure-pamiers-09\/","url":"https:\/\/www.sublimesinterieurs.com\/index.php\/renovation-interieure-pamiers-09\/","name":"R\u00e9novation int\u00e9rieure Pamiers (09) - Sublimes Int\u00e9rieurs By C\u00e9line","isPartOf":{"@id":"https:\/\/www.sublimesinterieurs.com\/#website"},"primaryImageOfPage":{"@id":"https:\/\/www.sublimesinterieurs.com\/index.php\/renovation-interieure-pamiers-09\/#primaryimage"},"image":{"@id":"https:\/\/www.sublimesinterieurs.com\/index.php\/renovation-interieure-pamiers-09\/#primaryimage"},"thumbnailUrl":"https:\/\/www.sublimesinterieurs.com\/wp-content\/uploads\/2024\/02\/Renovation-interieure-Pamiers-1024x683.jpg","datePublished":"2024-02-09T17:30:17+00:00","dateModified":"2024-03-26T18:50:43+00:00","breadcrumb":{"@id":"https:\/\/www.sublimesinterieurs.com\/index.php\/renovation-interieure-pamiers-09\/#breadcrumb"},"inLanguage":"fr-FR","potentialAction":[{"@type":"ReadAction","target":["https:\/\/www.sublimesinterieurs.com\/index.php\/renovation-interieure-pamiers-09\/"]}]},{"@type":"ImageObject","inLanguage":"fr-FR","@id":"https:\/\/www.sublimesinterieurs.com\/index.php\/renovation-interieure-pamiers-09\/#primaryimage","url":"https:\/\/www.sublimesinterieurs.com\/wp-content\/uploads\/2024\/02\/Renovation-interieure-Pamiers.jpg","contentUrl":"https:\/\/www.sublimesinterieurs.com\/wp-content\/uploads\/2024\/02\/Renovation-interieure-Pamiers.jpg","width":1382,"height":922,"caption":"R\u00e9novation int\u00e9rieure Pamiers"},{"@type":"BreadcrumbList","@id":"https:\/\/www.sublimesinterieurs.com\/index.php\/renovation-interieure-pamiers-09\/#breadcrumb","itemListElement":[{"@type":"ListItem","position":1,"name":"Accueil","item":"https:\/\/www.sublimesinterieurs.com\/"},{"@type":"ListItem","position":2,"name":"R\u00e9novation int\u00e9rieure Pamiers (09)"}]},{"@type":"WebSite","@id":"https:\/\/www.sublimesinterieurs.com\/#website","url":"https:\/\/www.sublimesinterieurs.com\/","name":"Sublimes Int\u00e9rieurs By C\u00e9line","description":"Agence d&#039;architecture et de d\u00e9coration d&#039;int\u00e9rieur","publisher":{"@id":"https:\/\/www.sublimesinterieurs.com\/#organization"},"potentialAction":[{"@type":"SearchAction","target":{"@type":"EntryPoint","urlTemplate":"https:\/\/www.sublimesinterieurs.com\/?s={search_term_string}"},"query-input":{"@type":"PropertyValueSpecification","valueRequired":true,"valueName":"search_term_string"}}],"inLanguage":"fr-FR"},{"@type":"Organization","@id":"https:\/\/www.sublimesinterieurs.com\/#organization","name":"Sublimes Int\u00e9rieurs By C\u00e9line","url":"https:\/\/www.sublimesinterieurs.com\/","logo":{"@type":"ImageObject","inLanguage":"fr-FR","@id":"https:\/\/www.sublimesinterieurs.com\/#\/schema\/logo\/image\/","url":"https:\/\/www.sublimesinterieurs.com\/wp-content\/uploads\/2019\/03\/cropped-cropped-favicon-1.png","contentUrl":"https:\/\/www.sublimesinterieurs.com\/wp-content\/uploads\/2019\/03\/cropped-cropped-favicon-1.png","width":250,"height":250,"caption":"Sublimes Int\u00e9rieurs By C\u00e9line"},"image":{"@id":"https:\/\/www.sublimesinterieurs.com\/#\/schema\/logo\/image\/"}}]}},"uagb_featured_image_src":{"full":false,"thumbnail":false,"medium":false,"medium_large":false,"large":false,"1536x1536":false,"2048x2048":false,"twentyseventeen-featured-image":false,"twentyseventeen-thumbnail-avatar":false,"blog-list-post-size":false},"uagb_author_info":{"display_name":"admin","author_link":"https:\/\/www.sublimesinterieurs.com\/index.php\/author\/admin\/"},"uagb_comment_info":0,"uagb_excerpt":"R\u00c9NOVATION INT\u00c9RIEURE R\u00e9novation compl\u00e8te d&rsquo;une cuisine, salon-salle \u00e0 manger Pamiers (09) Ma cliente souhaitait donner un grand coup de jeune \u00e0 son int\u00e9rieur et surtout ne souhaitait plus avoir une cuisine ferm\u00e9e sans ouverture sur son salon et sur sa salle \u00e0 manger. Cependant l\u2019ouverture du mur mitoyen entre la cuisine et l\u2019espace salon\/salle \u00e0\u2026","_links":{"self":[{"href":"https:\/\/www.sublimesinterieurs.com\/index.php\/wp-json\/wp\/v2\/pages\/1225","targetHints":{"allow":["GET"]}}],"collection":[{"href":"https:\/\/www.sublimesinterieurs.com\/index.php\/wp-json\/wp\/v2\/pages"}],"about":[{"href":"https:\/\/www.sublimesinterieurs.com\/index.php\/wp-json\/wp\/v2\/types\/page"}],"author":[{"embeddable":true,"href":"https:\/\/www.sublimesinterieurs.com\/index.php\/wp-json\/wp\/v2\/users\/1"}],"replies":[{"embeddable":true,"href":"https:\/\/www.sublimesinterieurs.com\/index.php\/wp-json\/wp\/v2\/comments?post=1225"}],"version-history":[{"count":19,"href":"https:\/\/www.sublimesinterieurs.com\/index.php\/wp-json\/wp\/v2\/pages\/1225\/revisions"}],"predecessor-version":[{"id":1770,"href":"https:\/\/www.sublimesinterieurs.com\/index.php\/wp-json\/wp\/v2\/pages\/1225\/revisions\/1770"}],"wp:attachment":[{"href":"https:\/\/www.sublimesinterieurs.com\/index.php\/wp-json\/wp\/v2\/media?parent=1225"}],"curies":[{"name":"wp","href":"https:\/\/api.w.org\/{rel}","templated":true}]}}