{"version":"1.0","provider_name":"Sublimes Int\u00e9rieurs By C\u00e9line","provider_url":"https:\/\/www.sublimesinterieurs.com","author_name":"admin","author_url":"https:\/\/www.sublimesinterieurs.com\/index.php\/author\/admin\/","title":"R\u00e9novation appartement Lyon - Sublimes Int\u00e9rieurs By C\u00e9line","type":"rich","width":600,"height":338,"html":"<blockquote class=\"wp-embedded-content\" data-secret=\"gUfDWdEJYm\"><a href=\"https:\/\/www.sublimesinterieurs.com\/index.php\/renovation-appartement-lyon\/\">R\u00e9novation appartement Lyon<\/a><\/blockquote><iframe sandbox=\"allow-scripts\" security=\"restricted\" src=\"https:\/\/www.sublimesinterieurs.com\/index.php\/renovation-appartement-lyon\/embed\/#?secret=gUfDWdEJYm\" width=\"600\" height=\"338\" title=\"\u00ab\u00a0R\u00e9novation appartement Lyon\u00a0\u00bb &#8212; Sublimes Int\u00e9rieurs By C\u00e9line\" data-secret=\"gUfDWdEJYm\" frameborder=\"0\" marginwidth=\"0\" marginheight=\"0\" scrolling=\"no\" class=\"wp-embedded-content\"><\/iframe><script type=\"text\/javascript\">\n\/* <![CDATA[ *\/\n\/*! This file is auto-generated *\/\n!function(d,l){\"use strict\";l.querySelector&&d.addEventListener&&\"undefined\"!=typeof URL&&(d.wp=d.wp||{},d.wp.receiveEmbedMessage||(d.wp.receiveEmbedMessage=function(e){var t=e.data;if((t||t.secret||t.message||t.value)&&!\/[^a-zA-Z0-9]\/.test(t.secret)){for(var s,r,n,a=l.querySelectorAll('iframe[data-secret=\"'+t.secret+'\"]'),o=l.querySelectorAll('blockquote[data-secret=\"'+t.secret+'\"]'),c=new RegExp(\"^https?:$\",\"i\"),i=0;i<o.length;i++)o[i].style.display=\"none\";for(i=0;i<a.length;i++)s=a[i],e.source===s.contentWindow&&(s.removeAttribute(\"style\"),\"height\"===t.message?(1e3<(r=parseInt(t.value,10))?r=1e3:~~r<200&&(r=200),s.height=r):\"link\"===t.message&&(r=new URL(s.getAttribute(\"src\")),n=new URL(t.value),c.test(n.protocol))&&n.host===r.host&&l.activeElement===s&&(d.top.location.href=t.value))}},d.addEventListener(\"message\",d.wp.receiveEmbedMessage,!1),l.addEventListener(\"DOMContentLoaded\",function(){for(var e,t,s=l.querySelectorAll(\"iframe.wp-embedded-content\"),r=0;r<s.length;r++)(t=(e=s[r]).getAttribute(\"data-secret\"))||(t=Math.random().toString(36).substring(2,12),e.src+=\"#?secret=\"+t,e.setAttribute(\"data-secret\",t)),e.contentWindow.postMessage({message:\"ready\",secret:t},\"*\")},!1)))}(window,document);\n\/\/# sourceURL=https:\/\/www.sublimesinterieurs.com\/wp-includes\/js\/wp-embed.min.js\n\/* ]]> *\/\n<\/script>\n","description":"R\u00c9NOVATION INT\u00c9RIEURE R\u00e9novation compl\u00e8te d&rsquo;un appartement Lyon centre ville (69002) Ma cliente venait d\u2019acqu\u00e9rir cet appartement lyonnais pour sa fille situ\u00e9 dans le quartier des Cordeliers au dernier \u00e9tage, sous les toits, d\u2019un immeuble ancien AVANT AVANT AVANT Pr\u00e9c\u00e9dent Suivant APR\u00c8S APR\u00c8S APR\u00c8S APR\u00c8S APR\u00c8S APR\u00c8S APR\u00c8S APR\u00c8S Pr\u00e9c\u00e9dent Suivant CAHIER DES CHARGES D\u00e9monter la &hellip; Continuer la lecture de &laquo;&nbsp;&nbsp;&raquo;","thumbnail_url":"https:\/\/sublimesinterieurs.com\/wp-content\/uploads\/2024\/02\/Renovation-appartement-Lyon-1-1024x683.jpg"}